{"id":11617,"date":"2022-01-18T12:23:52","date_gmt":"2022-01-18T11:23:52","guid":{"rendered":"https:\/\/autosap.cz\/aktualita\/cipova-krize-zpusobila-celorocni-pokles-vyroby-vozidel-v-cesku\/"},"modified":"2022-01-18T12:23:52","modified_gmt":"2022-01-18T11:23:52","slug":"cipova-krize-zpusobila-celorocni-pokles-vyroby-vozidel-v-cesku","status":"publish","type":"aktualita","link":"https:\/\/autosap.cz\/en\/aktualita\/cipova-krize-zpusobila-celorocni-pokles-vyroby-vozidel-v-cesku\/","title":{"rendered":"\u010cipov\u00e1 krize zp\u016fsobila celoro\u010dn\u00ed pokles v\u00fdroby vozidel v&nbsp;\u010cesku"},"content":{"rendered":"<p>\u201e<em>Rok 2021 byl pro automobilov\u00fd pr\u016fmysl velmi slo\u017eit\u00fd. V&nbsp;glob\u00e1ln\u011b \u00fazce propojen\u00e9m odv\u011btv\u00ed se naplno projevily n\u00e1sledky pandemie covidu-19. Autopr\u016fmysl \u010delil nedostatku vstupn\u00edch surovin, materi\u00e1l\u016f a\u00a0kl\u00ed\u010dov\u00fdch komponent\u016f. Celosv\u011btov\u00e1 krize na trhu s&nbsp;polovodi\u010di pak vedla k&nbsp;v\u00fdrazn\u00e9mu \u00fatlumu v\u00fdroby automobil\u016f po cel\u00e9m sv\u011bt\u011b. \u0158ada automobilek, a&nbsp;tedy i&nbsp;jejich dodavatel\u00e9, byla nucena v&nbsp;pr\u016fb\u011bhu roku zpomalovat \u010di \u00fapln\u011b zastavovat sv\u00e9 v\u00fdrobn\u00ed linky. To v\u0161e p\u0159i extr\u00e9mn\u00edm n\u00e1r\u016fstu cen vstup\u016f, dopravy a\u00a0energi\u00ed<\/em>,\u201c hodnot\u00ed uplynul\u00fd rok <strong>Zden\u011bk Petzl, v\u00fdkonn\u00fd \u0159editel Sdru\u017een\u00ed automobilov\u00e9ho pr\u016fmyslu<\/strong>. \u201e<em>Odhadujeme, \u017ee kv\u016fli \u010dipov\u00e9 krizi nebylo v&nbsp;\u010cesk\u00e9 republice v&nbsp;roce 2021 vyrobeno a\u017e 300 tis\u00edc osobn\u00edch vozidel, o&nbsp;kter\u00e1 by jinak na trhu byl z\u00e1jem. V\u00a0roce 2022 bychom se op\u011bt mohli vr\u00e1tit k\u00a0r\u016fstov\u00fdm hodnot\u00e1m, by\u0165 situace s\u00a0dod\u00e1vkami \u010dip\u016f i&nbsp;dal\u0161\u00edch komponent\u016f z\u016fst\u00e1v\u00e1 nad\u00e1le napjat\u00e1.\u201c<\/em><\/p>\n<p>Vedle t\u00e9to operativn\u00ed krize autopr\u016fmysl \u010del\u00ed tak\u00e9 struktur\u00e1ln\u00ed transformaci sm\u011b\u0159uj\u00edc\u00ed k&nbsp;\u010dist\u00e9 mobilit\u011b a\u00a0udr\u017eiteln\u00e9 v\u00fdrob\u011b. \u201e<em>Jeden\u00e1ctiprocentn\u00ed pod\u00edl elektrick\u00fdch vozidel na celkov\u00e9 v\u00fdrob\u011b automobil\u016f v&nbsp;roce 2021 sv\u011bd\u010d\u00ed o&nbsp;p\u0159ipravenosti \u010desk\u00e9ho autopr\u016fmyslu na dan\u00e9 trendy. Je pozitivn\u00ed, \u017ee se v&nbsp;\u010cesku chyst\u00e1 \u0161ir\u0161\u00ed podpora \u010dist\u00e9 mobilit\u011b v\u010detn\u011b investic do budov\u00e1n\u00ed infrastruktury. St\u00e1le n\u00e1s ale ve spolupr\u00e1ci se z\u00e1stupci st\u00e1tu \u010dek\u00e1 cel\u00e1 \u0159ada \u00fakol\u016f, v\u010detn\u011b vyu\u017eit\u00ed investic do modernizace pr\u016fmyslu a&nbsp;dekarbonizace v\u00fdroby. D\u00e1le bude zapot\u0159eb\u00ed pos\u00edlit podporu v\u00fdzkumu a&nbsp;vzd\u011bl\u00e1v\u00e1n\u00ed tak, aby tuzemsk\u00e1 ekonomika l\u00e9pe reagovala na po\u017eadavky pr\u016fmyslu a&nbsp;nesni\u017eovala t\u00edm sv\u016fj ekonomick\u00fd potenci\u00e1l<\/em>,\u201c dopl\u0148uje <strong>Zden\u011bk Petzl<\/strong>.<\/p>\n<h6>Osobn\u00ed vozidla<\/h6>\n<p>V\u00a0roce 2021 bylo vyrobeno celkov\u011b 1\u00a0105\u00a0223 osobn\u00edch vozidel, tj. meziro\u010dn\u011b o&nbsp;4,1&nbsp;% m\u00e9n\u011b. V\u00edce ne\u017e 91&nbsp;% vyroben\u00fdch automobil\u016f m\u00ed\u0159ilo na zahrani\u010dn\u00ed trhy. Produkce se v\u00fdrazn\u011bji propadla ve t\u0159et\u00edm \u010dtvrtlet\u00ed uplynul\u00e9ho roku, kdy kulminovala krize na trhu s\u00a0polovodi\u010di.<\/p>\n<p><a href=\"https:\/\/autosap.cz\/wp-content\/uploads\/2022\/01\/vyroba-osobni-vozidla-2021.png\"><img loading=\"lazy\" decoding=\"async\" width=\"2211\" height=\"1139\" class=\"alignright size-full wp-image-10658\" src=\"https:\/\/autosap.cz\/wp-content\/uploads\/2022\/01\/vyroba-osobni-vozidla-2021.png\" alt=\"\" srcset=\"https:\/\/autosap.cz\/wp-content\/uploads\/2022\/01\/vyroba-osobni-vozidla-2021.png 2211w, https:\/\/autosap.cz\/wp-content\/uploads\/2022\/01\/vyroba-osobni-vozidla-2021-250x129.png 250w, https:\/\/autosap.cz\/wp-content\/uploads\/2022\/01\/vyroba-osobni-vozidla-2021-700x361.png 700w, https:\/\/autosap.cz\/wp-content\/uploads\/2022\/01\/vyroba-osobni-vozidla-2021-768x396.png 768w, https:\/\/autosap.cz\/wp-content\/uploads\/2022\/01\/vyroba-osobni-vozidla-2021-1536x791.png 1536w, https:\/\/autosap.cz\/wp-content\/uploads\/2022\/01\/vyroba-osobni-vozidla-2021-2048x1055.png 2048w, https:\/\/autosap.cz\/wp-content\/uploads\/2022\/01\/vyroba-osobni-vozidla-2021-1900x979.png 1900w, https:\/\/autosap.cz\/wp-content\/uploads\/2022\/01\/vyroba-osobni-vozidla-2021-120x62.png 120w\" sizes=\"(max-width: 2211px) 100vw, 2211px\" \/><\/a><\/p>\n<p>\u0160KODA AUTO vyrobila v\u00a0tuzemsk\u00fdch z\u00e1vodech v\u00a0roce 2021 celkov\u011b 680&nbsp;287 vozidel (- 9,2\u00a0%). Na \u010desk\u00fd trh bylo um\u00edst\u011bno 79&nbsp;928 vozidel (- 4,0&nbsp;%), na zahrani\u010dn\u00ed trhy bylo ur\u010deno 600&nbsp;794 vozidel (- 10,2&nbsp;%).<\/p>\n<p>V\u00a0meziro\u010dn\u00edm srovn\u00e1n\u00ed se da\u0159ilo p\u0159edev\u0161\u00edm no\u0161ovick\u00e9mu z\u00e1vodu spole\u010dnosti Hyundai. I\u00a0p\u0159es \u010dipovou krizi nav\u00fd\u0161il v\u00fdrobu meziro\u010dn\u011b o&nbsp;15,2&nbsp;% na celkov\u00fdch 275\u00a0000 automobil\u016f. Dvojcifern\u00fd n\u00e1r\u016fst zaznamenal Hyundai jak na tuzemsk\u00e9m trhu (+ 22,2&nbsp;%), tak v\u00a0exportu (+ 14,8&nbsp;%).<\/p>\n<p>Tak\u00e9 produkce v&nbsp;kol\u00ednsk\u00e9 Toyot\u011b byla v\u00fdrazn\u011bji ovlivn\u011bna \u010dipovou kriz\u00ed. V\u00a0roce 2021 vyrobila celkov\u011b 149\u00a0936 automobil\u016f (- 8,9&nbsp;%), z\u00a0nich\u017e 148&nbsp;752 voz\u016f bylo exportov\u00e1no (- 9,1&nbsp;%) a&nbsp;1&nbsp;184 bylo uplatn\u011bno na\u00a0tuzemsk\u00e9m trhu (+ 23,6&nbsp;%).<\/p>\n<p>Z celkov\u00e9ho po\u010dtu vyroben\u00fdch osobn\u00edch vozidel bylo celkem 121&nbsp;262 ks elektrick\u00fdch; to odpov\u00edd\u00e1 pod\u00edlu na celkov\u00e9 produkci ve v\u00fd\u0161i 11,0&nbsp;%. Bateriov\u00fdch elektromobil\u016f bylo vyrobeno 72&nbsp;169 ks (tj.\u00a06,5\u00a0%) a&nbsp;plug-in hybrid\u016f (PHEV) 49\u00a0093 ks (tj. 4,4&nbsp;%). Pod\u00edl elektrick\u00fdch vozidel na v\u00fdrob\u011b \u0160KODA AUTO \u010dinil 11,4 %, na\u00a0produkci Hyundai pak dokonce 15,9&nbsp;%.<\/p>\n<h6>Autobusy<\/h6>\n<p>V\u00a0roce 2021 bylo v\u00a0\u010cesku vyrobeno 4&nbsp;947 autobus\u016f (- 2,4&nbsp;%), 687 autobus\u016f bylo ur\u010deno pro tuzemsk\u00fd trh (-\u00a033,9&nbsp;%), zb\u00fdvaj\u00edc\u00edch 4&nbsp;593 bylo exportov\u00e1no (+ 4,6&nbsp;%). Ve vysokom\u00fdtsk\u00e9m IVECO CR bylo vyrobeno 4&nbsp;365 autobus\u016f, tedy o&nbsp;3,4&nbsp;% m\u00e9n\u011b ne\u017e v\u00a0p\u0159echoz\u00edm roce. SOR Libchavy dok\u00e1zal vyrobit 552 autobus\u016f (+ 4,9&nbsp;%), z\u00a0toho 60 ks bylo s\u00a0\u010dist\u011b elektrick\u00fdm pohonem (tj. pod\u00edl 10,9&nbsp;%). \u0160KODA Electric vyrobila v\u00a0minul\u00e9m roce 6\u00a0autobus\u016f.<\/p>\n<h6>N\u00e1kladn\u00ed vozidla<\/h6>\n<p>Spole\u010dnost TATRA Trucks, kter\u00e1 je mezi \u010dleny Sdru\u017een\u00ed automobilov\u00e9ho pr\u016fmyslu jedin\u00fdm v\u00fdrobcem n\u00e1kladn\u00edch vozidel, za\u017eila dal\u0161\u00ed \u00fasp\u011b\u0161n\u00fd rok. V\u00a0roce 2021 vyrobila 1&nbsp;262 vozidel, tedy o&nbsp;82 ks v\u00edce ne\u017e v\u00a0roce 2020 (tj. + 6,9&nbsp;%). Produkce Tatry byla z\u00a0v\u011bt\u0161\u00ed \u010d\u00e1sti exportov\u00e1na (791 ks), v\u00a0\u010cesku bylo um\u00edst\u011bno 486 vozidel.<\/p>\n<h6>Motocykly<\/h6>\n<p>Tak\u00e9 produkce JAWA Moto v\u00a0roce 2021 meziro\u010dn\u011b vzrostla. Celkov\u00fdch 1\u00a0035 stroj\u016f zna\u010d\u00ed v\u00fdrazn\u00fd meziro\u010dn\u00ed r\u016fst o&nbsp;87,2&nbsp;%. Jaw\u011b se da\u0159ilo p\u0159edev\u0161\u00edm na \u010desk\u00e9m trhu s\u00a0791 prodan\u00fdmi kusy (+ 67,9&nbsp;%). Exportov\u00e1no bylo 244 stroj\u016f (+ 197,6&nbsp;%).<\/p>\n<h6>P\u0159\u00edpojn\u00e1 vozidla<\/h6>\n<p>Ve srovn\u00e1n\u00ed s\u00a0minul\u00fdm rokem se da\u0159ilo i&nbsp;v\u00fdrobc\u016fm v\u00a0segmentu p\u0159\u00edpojn\u00fdch vozidel. Celkov\u011b bylo vyrobeno 29\u00a0231\u00a0p\u0159\u00edv\u011bs\u016f a&nbsp;n\u00e1v\u011bs\u016f, tj. o&nbsp;10,5\u00a0% meziro\u010dn\u011b v\u00edc. Celkov\u00fd r\u016fst segmentu podpo\u0159ila p\u0159edev\u0161\u00edm spole\u010dnost AGADOS, kter\u00e1 produkuje mal\u00e9 p\u0159\u00edv\u011bsy do 3,5t. T\u011bch vyrobila celkov\u011b 27&nbsp;035 ks (+ 10,8&nbsp;%), v\u00a0\u010cesku jich prodala 16&nbsp;535 ks (+ 8,1&nbsp;%) a\u00a0na export zam\u00ed\u0159ilo 10&nbsp;101 ks (+ 14,1&nbsp;%). Meziro\u010dn\u00ed r\u016fst zaznamenali tak\u00e9 v\u00fdrobci v\u00a0segmentu velk\u00fdch p\u0159\u00edv\u011bs\u016f a&nbsp;n\u00e1v\u011bs\u016f. Spole\u010dnost PANAV vyrobila 412 p\u0159\u00edv\u011bs\u016f a&nbsp;n\u00e1v\u011bs\u016f, tj. o&nbsp;44 ks v\u00edce ne\u017e v\u00a0lo\u0148sk\u00e9m roce (+ 12,0&nbsp;%). V\u00a0\u010cesku dodala 361 ks, 60 ks bylo exportov\u00e1no. Vzrostla tak\u00e9 produkce Schwarzm\u00fclleru, kter\u00fd v\u00a0roce 2021 vyrobil 1\u00a0784 velk\u00fdch p\u0159\u00edpojn\u00fdch vozidel (+\u00a05,7&nbsp;%). Na tuzemsk\u00e9m trhu bylo letos um\u00edst\u011bno 776 ks (+ 38,3&nbsp;%), exportov\u00e1no bylo 1\u00a0397 ks (- 40,3&nbsp;%).<\/p>\n","protected":false},"featured_media":10714,"parent":0,"template":"","categories":[232],"acf":[],"yoast_head":"<!-- This site is optimized with the Yoast SEO plugin v24.5 - https:\/\/yoast.com\/wordpress\/plugins\/seo\/ -->\n<title>\u010cipov\u00e1 krize zp\u016fsobila celoro\u010dn\u00ed pokles v\u00fdroby vozidel v \u010cesku - SAP \u2013 Sdru\u017een\u00ed automobilov\u00e9ho pr\u016fmyslu<\/title>\n<meta name=\"robots\" content=\"index, follow, max-snippet:-1, max-image-preview:large, max-video-preview:-1\" \/>\n<link rel=\"canonical\" href=\"https:\/\/autosap.cz\/en\/aktualita\/cipova-krize-zpusobila-celorocni-pokles-vyroby-vozidel-v-cesku\/\" \/>\n<meta property=\"og:locale\" content=\"en_US\" \/>\n<meta property=\"og:type\" content=\"article\" \/>\n<meta property=\"og:title\" content=\"\u010cipov\u00e1 krize zp\u016fsobila celoro\u010dn\u00ed pokles v\u00fdroby vozidel v \u010cesku - SAP \u2013 Sdru\u017een\u00ed automobilov\u00e9ho pr\u016fmyslu\" \/>\n<meta property=\"og:description\" content=\"\u201eRok 2021 byl pro automobilov\u00fd pr\u016fmysl velmi slo\u017eit\u00fd. V&nbsp;glob\u00e1ln\u011b \u00fazce propojen\u00e9m odv\u011btv\u00ed se naplno projevily n\u00e1sledky pandemie covidu-19. Autopr\u016fmysl \u010delil nedostatku vstupn\u00edch surovin, materi\u00e1l\u016f a\u00a0kl\u00ed\u010dov\u00fdch komponent\u016f. Celosv\u011btov\u00e1 krize na trhu s&nbsp;polovodi\u010di pak vedla k&nbsp;v\u00fdrazn\u00e9mu \u00fatlumu v\u00fdroby automobil\u016f po cel\u00e9m sv\u011bt\u011b. \u0158ada automobilek, a&nbsp;tedy i&nbsp;jejich dodavatel\u00e9, byla nucena v&nbsp;pr\u016fb\u011bhu roku zpomalovat \u010di \u00fapln\u011b zastavovat sv\u00e9 v\u00fdrobn\u00ed... Read more\" \/>\n<meta property=\"og:url\" content=\"https:\/\/autosap.cz\/en\/aktualita\/cipova-krize-zpusobila-celorocni-pokles-vyroby-vozidel-v-cesku\/\" \/>\n<meta property=\"og:site_name\" content=\"SAP \u2013 Sdru\u017een\u00ed automobilov\u00e9ho pr\u016fmyslu\" \/>\n<meta property=\"og:image\" content=\"https:\/\/autosap.cz\/wp-content\/uploads\/2022\/01\/vyroba-osobni-vozidla-2021.png\" \/>\n<meta name=\"twitter:card\" content=\"summary_large_image\" \/>\n<meta name=\"twitter:label1\" content=\"Est. reading time\" \/>\n\t<meta name=\"twitter:data1\" content=\"4 minutes\" \/>\n<script type=\"application\/ld+json\" class=\"yoast-schema-graph\">{\"@context\":\"https:\/\/schema.org\",\"@graph\":[{\"@type\":\"WebPage\",\"@id\":\"https:\/\/autosap.cz\/en\/aktualita\/cipova-krize-zpusobila-celorocni-pokles-vyroby-vozidel-v-cesku\/\",\"url\":\"https:\/\/autosap.cz\/en\/aktualita\/cipova-krize-zpusobila-celorocni-pokles-vyroby-vozidel-v-cesku\/\",\"name\":\"\u010cipov\u00e1 krize zp\u016fsobila celoro\u010dn\u00ed pokles v\u00fdroby vozidel v \u010cesku - SAP \u2013 Sdru\u017een\u00ed automobilov\u00e9ho pr\u016fmyslu\",\"isPartOf\":{\"@id\":\"https:\/\/autosap.cz\/en\/#website\"},\"primaryImageOfPage\":{\"@id\":\"https:\/\/autosap.cz\/en\/aktualita\/cipova-krize-zpusobila-celorocni-pokles-vyroby-vozidel-v-cesku\/#primaryimage\"},\"image\":{\"@id\":\"https:\/\/autosap.cz\/en\/aktualita\/cipova-krize-zpusobila-celorocni-pokles-vyroby-vozidel-v-cesku\/#primaryimage\"},\"thumbnailUrl\":\"https:\/\/autosap.cz\/wp-content\/uploads\/2022\/01\/db2019al00528-large-scaled.jpg\",\"datePublished\":\"2022-01-18T11:23:52+00:00\",\"breadcrumb\":{\"@id\":\"https:\/\/autosap.cz\/en\/aktualita\/cipova-krize-zpusobila-celorocni-pokles-vyroby-vozidel-v-cesku\/#breadcrumb\"},\"inLanguage\":\"en-US\",\"potentialAction\":[{\"@type\":\"ReadAction\",\"target\":[\"https:\/\/autosap.cz\/en\/aktualita\/cipova-krize-zpusobila-celorocni-pokles-vyroby-vozidel-v-cesku\/\"]}]},{\"@type\":\"ImageObject\",\"inLanguage\":\"en-US\",\"@id\":\"https:\/\/autosap.cz\/en\/aktualita\/cipova-krize-zpusobila-celorocni-pokles-vyroby-vozidel-v-cesku\/#primaryimage\",\"url\":\"https:\/\/autosap.cz\/wp-content\/uploads\/2022\/01\/db2019al00528-large-scaled.jpg\",\"contentUrl\":\"https:\/\/autosap.cz\/wp-content\/uploads\/2022\/01\/db2019al00528-large-scaled.jpg\",\"width\":2560,\"height\":1707},{\"@type\":\"BreadcrumbList\",\"@id\":\"https:\/\/autosap.cz\/en\/aktualita\/cipova-krize-zpusobila-celorocni-pokles-vyroby-vozidel-v-cesku\/#breadcrumb\",\"itemListElement\":[{\"@type\":\"ListItem\",\"position\":1,\"name\":\"\",\"item\":\"https:\/\/autosap.cz\/en\/\"},{\"@type\":\"ListItem\",\"position\":2,\"name\":\"News\",\"item\":\"https:\/\/autosap.cz\/en\/aktualita\/\"},{\"@type\":\"ListItem\",\"position\":3,\"name\":\"\u010cipov\u00e1 krize zp\u016fsobila celoro\u010dn\u00ed pokles v\u00fdroby vozidel v&nbsp;\u010cesku\"}]},{\"@type\":\"WebSite\",\"@id\":\"https:\/\/autosap.cz\/en\/#website\",\"url\":\"https:\/\/autosap.cz\/en\/\",\"name\":\"SAP \u2013 Sdru\u017een\u00ed automobilov\u00e9ho pr\u016fmyslu\",\"description\":\"Sdru\u017een\u00ed automobilov\u00e9ho pr\u016fmyslu\",\"potentialAction\":[{\"@type\":\"SearchAction\",\"target\":{\"@type\":\"EntryPoint\",\"urlTemplate\":\"https:\/\/autosap.cz\/en\/?s={search_term_string}\"},\"query-input\":{\"@type\":\"PropertyValueSpecification\",\"valueRequired\":true,\"valueName\":\"search_term_string\"}}],\"inLanguage\":\"en-US\"}]}<\/script>\n<!-- \/ Yoast SEO plugin. -->","yoast_head_json":{"title":"\u010cipov\u00e1 krize zp\u016fsobila celoro\u010dn\u00ed pokles v\u00fdroby vozidel v \u010cesku - SAP \u2013 Sdru\u017een\u00ed automobilov\u00e9ho pr\u016fmyslu","robots":{"index":"index","follow":"follow","max-snippet":"max-snippet:-1","max-image-preview":"max-image-preview:large","max-video-preview":"max-video-preview:-1"},"canonical":"https:\/\/autosap.cz\/en\/aktualita\/cipova-krize-zpusobila-celorocni-pokles-vyroby-vozidel-v-cesku\/","og_locale":"en_US","og_type":"article","og_title":"\u010cipov\u00e1 krize zp\u016fsobila celoro\u010dn\u00ed pokles v\u00fdroby vozidel v \u010cesku - SAP \u2013 Sdru\u017een\u00ed automobilov\u00e9ho pr\u016fmyslu","og_description":"\u201eRok 2021 byl pro automobilov\u00fd pr\u016fmysl velmi slo\u017eit\u00fd. V&nbsp;glob\u00e1ln\u011b \u00fazce propojen\u00e9m odv\u011btv\u00ed se naplno projevily n\u00e1sledky pandemie covidu-19. Autopr\u016fmysl \u010delil nedostatku vstupn\u00edch surovin, materi\u00e1l\u016f a\u00a0kl\u00ed\u010dov\u00fdch komponent\u016f. Celosv\u011btov\u00e1 krize na trhu s&nbsp;polovodi\u010di pak vedla k&nbsp;v\u00fdrazn\u00e9mu \u00fatlumu v\u00fdroby automobil\u016f po cel\u00e9m sv\u011bt\u011b. \u0158ada automobilek, a&nbsp;tedy i&nbsp;jejich dodavatel\u00e9, byla nucena v&nbsp;pr\u016fb\u011bhu roku zpomalovat \u010di \u00fapln\u011b zastavovat sv\u00e9 v\u00fdrobn\u00ed... Read more","og_url":"https:\/\/autosap.cz\/en\/aktualita\/cipova-krize-zpusobila-celorocni-pokles-vyroby-vozidel-v-cesku\/","og_site_name":"SAP \u2013 Sdru\u017een\u00ed automobilov\u00e9ho pr\u016fmyslu","og_image":[{"url":"https:\/\/autosap.cz\/wp-content\/uploads\/2022\/01\/vyroba-osobni-vozidla-2021.png","type":"","width":"","height":""}],"twitter_card":"summary_large_image","twitter_misc":{"Est. reading time":"4 minutes"},"schema":{"@context":"https:\/\/schema.org","@graph":[{"@type":"WebPage","@id":"https:\/\/autosap.cz\/en\/aktualita\/cipova-krize-zpusobila-celorocni-pokles-vyroby-vozidel-v-cesku\/","url":"https:\/\/autosap.cz\/en\/aktualita\/cipova-krize-zpusobila-celorocni-pokles-vyroby-vozidel-v-cesku\/","name":"\u010cipov\u00e1 krize zp\u016fsobila celoro\u010dn\u00ed pokles v\u00fdroby vozidel v \u010cesku - SAP \u2013 Sdru\u017een\u00ed automobilov\u00e9ho pr\u016fmyslu","isPartOf":{"@id":"https:\/\/autosap.cz\/en\/#website"},"primaryImageOfPage":{"@id":"https:\/\/autosap.cz\/en\/aktualita\/cipova-krize-zpusobila-celorocni-pokles-vyroby-vozidel-v-cesku\/#primaryimage"},"image":{"@id":"https:\/\/autosap.cz\/en\/aktualita\/cipova-krize-zpusobila-celorocni-pokles-vyroby-vozidel-v-cesku\/#primaryimage"},"thumbnailUrl":"https:\/\/autosap.cz\/wp-content\/uploads\/2022\/01\/db2019al00528-large-scaled.jpg","datePublished":"2022-01-18T11:23:52+00:00","breadcrumb":{"@id":"https:\/\/autosap.cz\/en\/aktualita\/cipova-krize-zpusobila-celorocni-pokles-vyroby-vozidel-v-cesku\/#breadcrumb"},"inLanguage":"en-US","potentialAction":[{"@type":"ReadAction","target":["https:\/\/autosap.cz\/en\/aktualita\/cipova-krize-zpusobila-celorocni-pokles-vyroby-vozidel-v-cesku\/"]}]},{"@type":"ImageObject","inLanguage":"en-US","@id":"https:\/\/autosap.cz\/en\/aktualita\/cipova-krize-zpusobila-celorocni-pokles-vyroby-vozidel-v-cesku\/#primaryimage","url":"https:\/\/autosap.cz\/wp-content\/uploads\/2022\/01\/db2019al00528-large-scaled.jpg","contentUrl":"https:\/\/autosap.cz\/wp-content\/uploads\/2022\/01\/db2019al00528-large-scaled.jpg","width":2560,"height":1707},{"@type":"BreadcrumbList","@id":"https:\/\/autosap.cz\/en\/aktualita\/cipova-krize-zpusobila-celorocni-pokles-vyroby-vozidel-v-cesku\/#breadcrumb","itemListElement":[{"@type":"ListItem","position":1,"name":"","item":"https:\/\/autosap.cz\/en\/"},{"@type":"ListItem","position":2,"name":"News","item":"https:\/\/autosap.cz\/en\/aktualita\/"},{"@type":"ListItem","position":3,"name":"\u010cipov\u00e1 krize zp\u016fsobila celoro\u010dn\u00ed pokles v\u00fdroby vozidel v&nbsp;\u010cesku"}]},{"@type":"WebSite","@id":"https:\/\/autosap.cz\/en\/#website","url":"https:\/\/autosap.cz\/en\/","name":"SAP \u2013 Sdru\u017een\u00ed automobilov\u00e9ho pr\u016fmyslu","description":"Sdru\u017een\u00ed automobilov\u00e9ho pr\u016fmyslu","potentialAction":[{"@type":"SearchAction","target":{"@type":"EntryPoint","urlTemplate":"https:\/\/autosap.cz\/en\/?s={search_term_string}"},"query-input":{"@type":"PropertyValueSpecification","valueRequired":true,"valueName":"search_term_string"}}],"inLanguage":"en-US"}]}},"_links":{"self":[{"href":"https:\/\/autosap.cz\/en\/wp-json\/wp\/v2\/aktualita\/11617"}],"collection":[{"href":"https:\/\/autosap.cz\/en\/wp-json\/wp\/v2\/aktualita"}],"about":[{"href":"https:\/\/autosap.cz\/en\/wp-json\/wp\/v2\/types\/aktualita"}],"wp:featuredmedia":[{"embeddable":true,"href":"https:\/\/autosap.cz\/en\/wp-json\/wp\/v2\/media\/10714"}],"wp:attachment":[{"href":"https:\/\/autosap.cz\/en\/wp-json\/wp\/v2\/media?parent=11617"}],"wp:term":[{"taxonomy":"category","embeddable":true,"href":"https:\/\/autosap.cz\/en\/wp-json\/wp\/v2\/categories?post=11617"}],"curies":[{"name":"wp","href":"https:\/\/api.w.org\/{rel}","templated":true}]}}