{"id":11629,"date":"2021-09-16T10:30:55","date_gmt":"2021-09-16T08:30:55","guid":{"rendered":"https:\/\/autosap.cz\/aktualita\/produkce-automobilu-v-cr-zpomalila-podil-vyrobenych-elektrickych-vozidel-se-zvysuje\/"},"modified":"2021-09-16T10:30:55","modified_gmt":"2021-09-16T08:30:55","slug":"produkce-automobilu-v-cr-zpomalila-podil-vyrobenych-elektrickych-vozidel-se-zvysuje","status":"publish","type":"aktualita","link":"https:\/\/autosap.cz\/en\/aktualita\/produkce-automobilu-v-cr-zpomalila-podil-vyrobenych-elektrickych-vozidel-se-zvysuje\/","title":{"rendered":"Produkce automobil\u016f v&nbsp;\u010cR zpomalila, pod\u00edl vyroben\u00fdch elektrick\u00fdch vozidel se zvy\u0161uje"},"content":{"rendered":"<p>\u201e<em>Situace v\u00a0automobilov\u00e9m pr\u016fmyslu se nelep\u0161\u00ed, sp\u00ed\u0161e naopak. V\u00a0Malajsii byla do\u010dasn\u011b pozastavena v\u00fdroba u&nbsp;kl\u00ed\u010dov\u00fdch dodavatel\u016f \u010dip\u016f kv\u016fli opat\u0159en\u00edm proti \u0161\u00ed\u0159en\u00ed koronaviru. Dod\u00e1vky byly ovlivn\u011bny tak\u00e9 probl\u00e9my v\u00a0logistice nap\u0159\u00edklad kv\u016fli uzav\u0159en\u00ed n\u011bkter\u00fdch velk\u00fdch \u010d\u00ednsk\u00fdch p\u0159\u00edstav\u016f. V\u00a0d\u016fsledku toho nemohli n\u011bkte\u0159\u00ed v\u00fdrobci nejen v\u00a0\u010cesku realizovat popt\u00e1vanou produkci. V\u00a0\u010dervenci a&nbsp;v\u00a0srpnu tak byla v\u00fdroba automobil\u016f o\u00a039,2 procenta ni\u017e\u0161\u00ed ne\u017e v\u00a0letn\u00edch m\u011bs\u00edc\u00edch minul\u00e9ho roku, kdy cel\u00e9 odv\u011btv\u00ed doh\u00e1n\u011blo zame\u0161kanou v\u00fdrobu z\u00a0jarn\u00edch m\u011bs\u00edc\u016f,\u201c <\/em>komentuje dosavadn\u00ed v\u00fdvoj Zden\u011bk Petzl, v\u00fdkonn\u00fd \u0159editel Sdru\u017een\u00ed automobilov\u00e9ho pr\u016fmyslu.<em> \u201eOdhadujeme, \u017ee kv\u016fli chyb\u011bj\u00edc\u00edm \u010dip\u016fm nebude v\u00a0tuzemsku vyrobeno zhruba 140 tis\u00edc vozidel, o\u00a0kter\u00e1 by jinak z\u00e1kazn\u00edci m\u011bli z\u00e1jem,\u201c <\/em>dod\u00e1v\u00e1 Petzl.<\/p>\n<h6>Osobn\u00ed vozidla<\/h6>\n<p>Celkov\u011b bylo v\u00a0leto\u0161n\u00edm roce vyrobeno 775\u00a0496 osobn\u00edch vozidel. To je sice meziro\u010dn\u011b o&nbsp;12,6&nbsp;% v\u00edce, nicm\u00e9n\u011b ve srovn\u00e1n\u00ed s\u00a0p\u0159edkrizov\u00fdm rokem 2019 produkce op\u011bt nabrala ztr\u00e1tu na 17,7 %, vyrobeno bylo o\u00a0166 tis\u00edc automobil\u016f m\u00e9n\u011b. Tato ztr\u00e1ta odr\u00e1\u017e\u00ed situaci na trhu s\u00a0polovodi\u010di, kdy p\u0159edev\u0161\u00edm v\u00a0posledn\u00edch t\u0159ech m\u011bs\u00edc\u00edch je v\u00fdroba z\u00a0d\u016fvodu chyb\u011bj\u00edc\u00edch \u010dip\u016f v\u00a0r\u016fzn\u00e9 intenzit\u011b zpomalov\u00e1na.<\/p>\n<p>Krizi se zat\u00edm da\u0159\u00ed \u00fasp\u011b\u0161n\u011b \u010delit jedin\u011b no\u0161ovick\u00e9 automobilce Hyundai. Ta od ledna do konce srpna vyrobila 182&nbsp;400 automobil\u016f, tedy o&nbsp;33,1&nbsp;% meziro\u010dn\u011b v\u00edc. V\u00a0\u010dervenci vyrobila 17\u00a0500 vozidel (- 4,6&nbsp;%) a&nbsp;v&nbsp;srpnu 22\u00a0500 vozidel (+ 0,9&nbsp;%). Celkov\u011b tak o&nbsp;pr\u00e1zdninov\u00fdch m\u011bs\u00edc\u00edch vyrobila pouze o&nbsp;650 automobil\u016f m\u00e9n\u011b ne\u017e v\u00a0lo\u0148sk\u00e9m roce (- 1,6&nbsp;%).<\/p>\n<p>\u0160KODA AUTO ve sv\u00fdch tuzemsk\u00fdch z\u00e1vodech vyrobila v\u00a0dosavadn\u00edm pr\u016fb\u011bhu roku 486\u00a0423 automobil\u016f (+\u00a07,9&nbsp;%). V\u00a0letn\u00edch m\u011bs\u00edc\u00edch pak byla v\u00fdroba v\u00fdrazn\u011b ovlivn\u011bna vynucen\u00fdmi odst\u00e1vkami v\u00fdroby. V\u00a0\u010dervenci a\u00a0v\u00a0srpnu vyrobila \u0160KODA AUTO 65\u00a0585 vozidel, tj. o&nbsp;42,0&nbsp;% m\u00e9n\u011b ne\u017e v\u00a0pr\u016fb\u011bhu letn\u00edch pr\u00e1zdninov\u00fdch m\u011bs\u00edc\u016f v\u00a0roce 2020.<\/p>\n<p><a href=\"https:\/\/autosap.cz\/wp-content\/uploads\/2021\/09\/vyroba1-8.png\"><img loading=\"lazy\" decoding=\"async\" class=\"alignnone wp-image-10135 size-full\" src=\"https:\/\/autosap.cz\/wp-content\/uploads\/2021\/09\/vyroba1-8.png\" alt=\"\" width=\"788\" height=\"396\" srcset=\"https:\/\/autosap.cz\/wp-content\/uploads\/2021\/09\/vyroba1-8.png 788w, https:\/\/autosap.cz\/wp-content\/uploads\/2021\/09\/vyroba1-8-250x126.png 250w, https:\/\/autosap.cz\/wp-content\/uploads\/2021\/09\/vyroba1-8-700x352.png 700w, https:\/\/autosap.cz\/wp-content\/uploads\/2021\/09\/vyroba1-8-768x386.png 768w, https:\/\/autosap.cz\/wp-content\/uploads\/2021\/09\/vyroba1-8-120x60.png 120w\" sizes=\"(max-width: 788px) 100vw, 788px\" \/><\/a><\/p>\n<p>Nedostatek \u010dip\u016f se v\u00fdrazn\u011b podepsal na produkci kol\u00ednsk\u00e9 Toyoty. V\u00a0\u010dervenci bylo vyrobeno 6\u00a0896 vozidel (- 37,4&nbsp;%), cel\u00fd srpen ale byla produkce automobilky pozastavena. Od za\u010d\u00e1tku roku vyrobila Toyota celkov\u011b 106\u00a0673 vozidel, tj. o&nbsp;5,8&nbsp;% v\u00edce ne\u017e v\u00a0lo\u0148sk\u00e9 roce.<\/p>\n<p>Ve struktu\u0159e tuzemsk\u00e9 produkce je z\u00e1rove\u0148 dob\u0159e patrn\u00fd trend zvy\u0161uj\u00edc\u00ed se popt\u00e1vky po elektrick\u00fdch vozidlech, p\u0159edev\u0161\u00edm na exportn\u00edch trz\u00edch. Celkov\u011b p\u0159ekonal po\u010det vyroben\u00fdch elektromobil\u016f (BEV) a\u00a0plug-in hybrid\u016f (PHEV) u\u017e desetiprocentn\u00ed pod\u00edl, kdy\u017e se oproti v\u00fdsledk\u016fm z\u00a0prvn\u00edho pololet\u00ed zv\u00fd\u0161il o\u00a00,9procentn\u00edho bodu na celkov\u00fdch 10,5&nbsp;%. V\u00a0srpnu bylo elektrifikov\u00e1no dokonce ka\u017ed\u00e9 p\u00e1t\u00e9 vozidlo vyroben\u00e9 v\u00a0\u010cR.<\/p>\n<p>Bateriov\u00fdch elektromobil\u016f bylo vyrobeno 46&nbsp;139 ks (tj. 5,9&nbsp;%), plug-in hybrid\u016f 34\u00a0920 ks (tj. 4,5&nbsp;%). \u0160KODA AUTO mezi lednem a&nbsp;srpnem vyrobila 33&nbsp;571 BEV a&nbsp;20&nbsp;569 PHEV, Hyundai 12&nbsp;568 BEV a\u00a014\u00a0351\u00a0PHEV.<\/p>\n<h6>Autobusy<\/h6>\n<p>Produkce autobus\u016f v\u00a0\u010cesku se meziro\u010dn\u011b tak\u0159ka nezm\u011bnila. Vyrobeno bylo 2\u00a0984 ks, tj. o&nbsp;25 autobus\u016f m\u00e9n\u011b (- 0,8&nbsp;%). Tradi\u010dn\u011b nejv\u011bt\u0161\u00edm v\u00fdrobcem je vysokom\u00fdtsk\u00e9 IVECO CR. Spole\u010dnost od ledna do srpna realizovala produkci 2\u00a0738 autobus\u016f (+ 0,9&nbsp;%). SOR Libchavy vyrobila v\u00a0dosavadn\u00edm pr\u016fb\u011bhu roku celkov\u011b 233 autobus\u016f (- 16,5&nbsp;%), z\u00a0nich\u017e byla v\u00edce ne\u017e jedna p\u011btina (48 ks) s\u00a0pln\u011b elektrick\u00fdm pohonem.<\/p>\n<h6>Motocykly<\/h6>\n<p>Spole\u010dnosti JAWA Moto se v\u00a0leto\u0161n\u00edm roce nad\u00e1le da\u0159\u00ed. Celkov\u011b vyrobila 736 stroj\u016f, tj. o&nbsp;413 ks v\u00edce ne\u017e\u00a0v\u00a0minul\u00e9m roce (+ 127,9&nbsp;%).<\/p>\n","protected":false},"featured_media":7711,"parent":0,"template":"","categories":[232],"acf":[],"yoast_head":"<!-- This site is optimized with the Yoast SEO plugin v24.5 - https:\/\/yoast.com\/wordpress\/plugins\/seo\/ -->\n<title>Produkce automobil\u016f v \u010cR zpomalila, pod\u00edl vyroben\u00fdch elektrick\u00fdch vozidel se zvy\u0161uje - SAP \u2013 Sdru\u017een\u00ed automobilov\u00e9ho pr\u016fmyslu<\/title>\n<meta name=\"robots\" content=\"index, follow, max-snippet:-1, max-image-preview:large, max-video-preview:-1\" \/>\n<link rel=\"canonical\" href=\"https:\/\/autosap.cz\/en\/aktualita\/produkce-automobilu-v-cr-zpomalila-podil-vyrobenych-elektrickych-vozidel-se-zvysuje\/\" \/>\n<meta property=\"og:locale\" content=\"en_US\" \/>\n<meta property=\"og:type\" content=\"article\" \/>\n<meta property=\"og:title\" content=\"Produkce automobil\u016f v \u010cR zpomalila, pod\u00edl vyroben\u00fdch elektrick\u00fdch vozidel se zvy\u0161uje - SAP \u2013 Sdru\u017een\u00ed automobilov\u00e9ho pr\u016fmyslu\" \/>\n<meta property=\"og:description\" content=\"\u201eSituace v\u00a0automobilov\u00e9m pr\u016fmyslu se nelep\u0161\u00ed, sp\u00ed\u0161e naopak. V\u00a0Malajsii byla do\u010dasn\u011b pozastavena v\u00fdroba u&nbsp;kl\u00ed\u010dov\u00fdch dodavatel\u016f \u010dip\u016f kv\u016fli opat\u0159en\u00edm proti \u0161\u00ed\u0159en\u00ed koronaviru. Dod\u00e1vky byly ovlivn\u011bny tak\u00e9 probl\u00e9my v\u00a0logistice nap\u0159\u00edklad kv\u016fli uzav\u0159en\u00ed n\u011bkter\u00fdch velk\u00fdch \u010d\u00ednsk\u00fdch p\u0159\u00edstav\u016f. V\u00a0d\u016fsledku toho nemohli n\u011bkte\u0159\u00ed v\u00fdrobci nejen v\u00a0\u010cesku realizovat popt\u00e1vanou produkci. V\u00a0\u010dervenci a&nbsp;v\u00a0srpnu tak byla v\u00fdroba automobil\u016f o\u00a039,2 procenta ni\u017e\u0161\u00ed ne\u017e v\u00a0letn\u00edch m\u011bs\u00edc\u00edch... Read more\" \/>\n<meta property=\"og:url\" content=\"https:\/\/autosap.cz\/en\/aktualita\/produkce-automobilu-v-cr-zpomalila-podil-vyrobenych-elektrickych-vozidel-se-zvysuje\/\" \/>\n<meta property=\"og:site_name\" content=\"SAP \u2013 Sdru\u017een\u00ed automobilov\u00e9ho pr\u016fmyslu\" \/>\n<meta property=\"og:image\" content=\"https:\/\/autosap.cz\/wp-content\/uploads\/2021\/09\/vyroba1-8.png\" \/>\n<meta name=\"twitter:card\" content=\"summary_large_image\" \/>\n<meta name=\"twitter:label1\" content=\"Est. reading time\" \/>\n\t<meta name=\"twitter:data1\" content=\"3 minutes\" \/>\n<script type=\"application\/ld+json\" class=\"yoast-schema-graph\">{\"@context\":\"https:\/\/schema.org\",\"@graph\":[{\"@type\":\"WebPage\",\"@id\":\"https:\/\/autosap.cz\/en\/aktualita\/produkce-automobilu-v-cr-zpomalila-podil-vyrobenych-elektrickych-vozidel-se-zvysuje\/\",\"url\":\"https:\/\/autosap.cz\/en\/aktualita\/produkce-automobilu-v-cr-zpomalila-podil-vyrobenych-elektrickych-vozidel-se-zvysuje\/\",\"name\":\"Produkce automobil\u016f v \u010cR zpomalila, pod\u00edl vyroben\u00fdch elektrick\u00fdch vozidel se zvy\u0161uje - SAP \u2013 Sdru\u017een\u00ed automobilov\u00e9ho pr\u016fmyslu\",\"isPartOf\":{\"@id\":\"https:\/\/autosap.cz\/en\/#website\"},\"primaryImageOfPage\":{\"@id\":\"https:\/\/autosap.cz\/en\/aktualita\/produkce-automobilu-v-cr-zpomalila-podil-vyrobenych-elektrickych-vozidel-se-zvysuje\/#primaryimage\"},\"image\":{\"@id\":\"https:\/\/autosap.cz\/en\/aktualita\/produkce-automobilu-v-cr-zpomalila-podil-vyrobenych-elektrickych-vozidel-se-zvysuje\/#primaryimage\"},\"thumbnailUrl\":\"https:\/\/autosap.cz\/wp-content\/uploads\/2021\/01\/vyrobene-vozy-skoda.jpg\",\"datePublished\":\"2021-09-16T08:30:55+00:00\",\"breadcrumb\":{\"@id\":\"https:\/\/autosap.cz\/en\/aktualita\/produkce-automobilu-v-cr-zpomalila-podil-vyrobenych-elektrickych-vozidel-se-zvysuje\/#breadcrumb\"},\"inLanguage\":\"en-US\",\"potentialAction\":[{\"@type\":\"ReadAction\",\"target\":[\"https:\/\/autosap.cz\/en\/aktualita\/produkce-automobilu-v-cr-zpomalila-podil-vyrobenych-elektrickych-vozidel-se-zvysuje\/\"]}]},{\"@type\":\"ImageObject\",\"inLanguage\":\"en-US\",\"@id\":\"https:\/\/autosap.cz\/en\/aktualita\/produkce-automobilu-v-cr-zpomalila-podil-vyrobenych-elektrickych-vozidel-se-zvysuje\/#primaryimage\",\"url\":\"https:\/\/autosap.cz\/wp-content\/uploads\/2021\/01\/vyrobene-vozy-skoda.jpg\",\"contentUrl\":\"https:\/\/autosap.cz\/wp-content\/uploads\/2021\/01\/vyrobene-vozy-skoda.jpg\",\"width\":792,\"height\":436},{\"@type\":\"BreadcrumbList\",\"@id\":\"https:\/\/autosap.cz\/en\/aktualita\/produkce-automobilu-v-cr-zpomalila-podil-vyrobenych-elektrickych-vozidel-se-zvysuje\/#breadcrumb\",\"itemListElement\":[{\"@type\":\"ListItem\",\"position\":1,\"name\":\"\",\"item\":\"https:\/\/autosap.cz\/en\/\"},{\"@type\":\"ListItem\",\"position\":2,\"name\":\"News\",\"item\":\"https:\/\/autosap.cz\/en\/aktualita\/\"},{\"@type\":\"ListItem\",\"position\":3,\"name\":\"Produkce automobil\u016f v&nbsp;\u010cR zpomalila, pod\u00edl vyroben\u00fdch elektrick\u00fdch vozidel se zvy\u0161uje\"}]},{\"@type\":\"WebSite\",\"@id\":\"https:\/\/autosap.cz\/en\/#website\",\"url\":\"https:\/\/autosap.cz\/en\/\",\"name\":\"SAP \u2013 Sdru\u017een\u00ed automobilov\u00e9ho pr\u016fmyslu\",\"description\":\"Sdru\u017een\u00ed automobilov\u00e9ho pr\u016fmyslu\",\"potentialAction\":[{\"@type\":\"SearchAction\",\"target\":{\"@type\":\"EntryPoint\",\"urlTemplate\":\"https:\/\/autosap.cz\/en\/?s={search_term_string}\"},\"query-input\":{\"@type\":\"PropertyValueSpecification\",\"valueRequired\":true,\"valueName\":\"search_term_string\"}}],\"inLanguage\":\"en-US\"}]}<\/script>\n<!-- \/ Yoast SEO plugin. -->","yoast_head_json":{"title":"Produkce automobil\u016f v \u010cR zpomalila, pod\u00edl vyroben\u00fdch elektrick\u00fdch vozidel se zvy\u0161uje - SAP \u2013 Sdru\u017een\u00ed automobilov\u00e9ho pr\u016fmyslu","robots":{"index":"index","follow":"follow","max-snippet":"max-snippet:-1","max-image-preview":"max-image-preview:large","max-video-preview":"max-video-preview:-1"},"canonical":"https:\/\/autosap.cz\/en\/aktualita\/produkce-automobilu-v-cr-zpomalila-podil-vyrobenych-elektrickych-vozidel-se-zvysuje\/","og_locale":"en_US","og_type":"article","og_title":"Produkce automobil\u016f v \u010cR zpomalila, pod\u00edl vyroben\u00fdch elektrick\u00fdch vozidel se zvy\u0161uje - SAP \u2013 Sdru\u017een\u00ed automobilov\u00e9ho pr\u016fmyslu","og_description":"\u201eSituace v\u00a0automobilov\u00e9m pr\u016fmyslu se nelep\u0161\u00ed, sp\u00ed\u0161e naopak. V\u00a0Malajsii byla do\u010dasn\u011b pozastavena v\u00fdroba u&nbsp;kl\u00ed\u010dov\u00fdch dodavatel\u016f \u010dip\u016f kv\u016fli opat\u0159en\u00edm proti \u0161\u00ed\u0159en\u00ed koronaviru. Dod\u00e1vky byly ovlivn\u011bny tak\u00e9 probl\u00e9my v\u00a0logistice nap\u0159\u00edklad kv\u016fli uzav\u0159en\u00ed n\u011bkter\u00fdch velk\u00fdch \u010d\u00ednsk\u00fdch p\u0159\u00edstav\u016f. V\u00a0d\u016fsledku toho nemohli n\u011bkte\u0159\u00ed v\u00fdrobci nejen v\u00a0\u010cesku realizovat popt\u00e1vanou produkci. V\u00a0\u010dervenci a&nbsp;v\u00a0srpnu tak byla v\u00fdroba automobil\u016f o\u00a039,2 procenta ni\u017e\u0161\u00ed ne\u017e v\u00a0letn\u00edch m\u011bs\u00edc\u00edch... Read more","og_url":"https:\/\/autosap.cz\/en\/aktualita\/produkce-automobilu-v-cr-zpomalila-podil-vyrobenych-elektrickych-vozidel-se-zvysuje\/","og_site_name":"SAP \u2013 Sdru\u017een\u00ed automobilov\u00e9ho pr\u016fmyslu","og_image":[{"url":"https:\/\/autosap.cz\/wp-content\/uploads\/2021\/09\/vyroba1-8.png","type":"","width":"","height":""}],"twitter_card":"summary_large_image","twitter_misc":{"Est. reading time":"3 minutes"},"schema":{"@context":"https:\/\/schema.org","@graph":[{"@type":"WebPage","@id":"https:\/\/autosap.cz\/en\/aktualita\/produkce-automobilu-v-cr-zpomalila-podil-vyrobenych-elektrickych-vozidel-se-zvysuje\/","url":"https:\/\/autosap.cz\/en\/aktualita\/produkce-automobilu-v-cr-zpomalila-podil-vyrobenych-elektrickych-vozidel-se-zvysuje\/","name":"Produkce automobil\u016f v \u010cR zpomalila, pod\u00edl vyroben\u00fdch elektrick\u00fdch vozidel se zvy\u0161uje - SAP \u2013 Sdru\u017een\u00ed automobilov\u00e9ho pr\u016fmyslu","isPartOf":{"@id":"https:\/\/autosap.cz\/en\/#website"},"primaryImageOfPage":{"@id":"https:\/\/autosap.cz\/en\/aktualita\/produkce-automobilu-v-cr-zpomalila-podil-vyrobenych-elektrickych-vozidel-se-zvysuje\/#primaryimage"},"image":{"@id":"https:\/\/autosap.cz\/en\/aktualita\/produkce-automobilu-v-cr-zpomalila-podil-vyrobenych-elektrickych-vozidel-se-zvysuje\/#primaryimage"},"thumbnailUrl":"https:\/\/autosap.cz\/wp-content\/uploads\/2021\/01\/vyrobene-vozy-skoda.jpg","datePublished":"2021-09-16T08:30:55+00:00","breadcrumb":{"@id":"https:\/\/autosap.cz\/en\/aktualita\/produkce-automobilu-v-cr-zpomalila-podil-vyrobenych-elektrickych-vozidel-se-zvysuje\/#breadcrumb"},"inLanguage":"en-US","potentialAction":[{"@type":"ReadAction","target":["https:\/\/autosap.cz\/en\/aktualita\/produkce-automobilu-v-cr-zpomalila-podil-vyrobenych-elektrickych-vozidel-se-zvysuje\/"]}]},{"@type":"ImageObject","inLanguage":"en-US","@id":"https:\/\/autosap.cz\/en\/aktualita\/produkce-automobilu-v-cr-zpomalila-podil-vyrobenych-elektrickych-vozidel-se-zvysuje\/#primaryimage","url":"https:\/\/autosap.cz\/wp-content\/uploads\/2021\/01\/vyrobene-vozy-skoda.jpg","contentUrl":"https:\/\/autosap.cz\/wp-content\/uploads\/2021\/01\/vyrobene-vozy-skoda.jpg","width":792,"height":436},{"@type":"BreadcrumbList","@id":"https:\/\/autosap.cz\/en\/aktualita\/produkce-automobilu-v-cr-zpomalila-podil-vyrobenych-elektrickych-vozidel-se-zvysuje\/#breadcrumb","itemListElement":[{"@type":"ListItem","position":1,"name":"","item":"https:\/\/autosap.cz\/en\/"},{"@type":"ListItem","position":2,"name":"News","item":"https:\/\/autosap.cz\/en\/aktualita\/"},{"@type":"ListItem","position":3,"name":"Produkce automobil\u016f v&nbsp;\u010cR zpomalila, pod\u00edl vyroben\u00fdch elektrick\u00fdch vozidel se zvy\u0161uje"}]},{"@type":"WebSite","@id":"https:\/\/autosap.cz\/en\/#website","url":"https:\/\/autosap.cz\/en\/","name":"SAP \u2013 Sdru\u017een\u00ed automobilov\u00e9ho pr\u016fmyslu","description":"Sdru\u017een\u00ed automobilov\u00e9ho pr\u016fmyslu","potentialAction":[{"@type":"SearchAction","target":{"@type":"EntryPoint","urlTemplate":"https:\/\/autosap.cz\/en\/?s={search_term_string}"},"query-input":{"@type":"PropertyValueSpecification","valueRequired":true,"valueName":"search_term_string"}}],"inLanguage":"en-US"}]}},"_links":{"self":[{"href":"https:\/\/autosap.cz\/en\/wp-json\/wp\/v2\/aktualita\/11629"}],"collection":[{"href":"https:\/\/autosap.cz\/en\/wp-json\/wp\/v2\/aktualita"}],"about":[{"href":"https:\/\/autosap.cz\/en\/wp-json\/wp\/v2\/types\/aktualita"}],"wp:featuredmedia":[{"embeddable":true,"href":"https:\/\/autosap.cz\/en\/wp-json\/wp\/v2\/media\/7711"}],"wp:attachment":[{"href":"https:\/\/autosap.cz\/en\/wp-json\/wp\/v2\/media?parent=11629"}],"wp:term":[{"taxonomy":"category","embeddable":true,"href":"https:\/\/autosap.cz\/en\/wp-json\/wp\/v2\/categories?post=11629"}],"curies":[{"name":"wp","href":"https:\/\/api.w.org\/{rel}","templated":true}]}}