{"id":11631,"date":"2021-07-14T16:26:45","date_gmt":"2021-07-14T14:26:45","guid":{"rendered":"https:\/\/autosap.cz\/aktualita\/plan-snizovani-emisi-z-dopravy-musi-odrazet-technologickou-i-ekonomickou-realitu\/"},"modified":"2021-07-14T16:26:45","modified_gmt":"2021-07-14T14:26:45","slug":"plan-snizovani-emisi-z-dopravy-musi-odrazet-technologickou-i-ekonomickou-realitu","status":"publish","type":"aktualita","link":"https:\/\/autosap.cz\/en\/aktualita\/plan-snizovani-emisi-z-dopravy-musi-odrazet-technologickou-i-ekonomickou-realitu\/","title":{"rendered":"Pl\u00e1n sni\u017eov\u00e1n\u00ed emis\u00ed z&nbsp;dopravy mus\u00ed odr\u00e1\u017eet technologickou i&nbsp;ekonomickou realitu"},"content":{"rendered":"<p>\u201e<em>Automobilov\u00fd pr\u016fmysl si je v\u011bdom sv\u00fdch z\u00e1vazk\u016f vypl\u00fdvaj\u00edc\u00edch z&nbsp;mezin\u00e1rodn\u00edch dohod a&nbsp;klimatick\u00fdch c\u00edl\u016f. Ve snaze aktivn\u011b p\u0159isp\u011bt k&nbsp;\u0159e\u0161en\u00ed glob\u00e1ln\u00edho oteplov\u00e1n\u00ed je proto z\u00e1sadn\u00edm investorem do v\u00fdvoje \u0159e\u0161en\u00ed n\u00edzko- a\u00a0bezemisn\u00ed mobility. Aby toto \u00fasil\u00ed nebylo zma\u0159eno, politick\u00e1 reprezentace mus\u00ed p\u0159i sv\u00fdch nadch\u00e1zej\u00edc\u00edch jedn\u00e1n\u00ed objektivn\u011b vyhodnotit cel\u00e9 spektrum dopad\u016f. Navr\u017een\u00e1 regulace bude toti\u017e z\u00e1sadn\u00edm zp\u016fsobem ovliv\u0148ovat nejen \u017eivotn\u00ed prost\u0159ed\u00ed, ale i&nbsp;ekonomiku, konkurenceschopnost evropsk\u00e9ho automobilov\u00e9ho pr\u016fmyslu a&nbsp;bude m\u00edt i&nbsp;dopady soci\u00e1ln\u00ed, a\u0165 ji\u017e na zam\u011bstnanost, 130 let dlouhou tradici v\u00fdroby motor\u016f, ale nap\u0159. i&nbsp;na p\u0159\u00edstup k&nbsp;mobilit\u011b pro v\u0161echny ob\u010dany EU<\/em>,\u201c uv\u00e1d\u00ed <strong>Miroslav Dvo\u0159\u00e1k<\/strong>, <strong>viceprezident Sdru\u017een\u00ed automobilov\u00e9ho pr\u016fmyslu <\/strong>a<strong> p\u0159edseda p\u0159edstavenstva MOTOR JIKOV Group<\/strong>.<\/p>\n<p>Podle dnes zve\u0159ejn\u011bn\u00fdch n\u00e1vrh\u016f bude Evropsk\u00e1 komise po\u017eadovat, aby emise CO<sub>2<\/sub> z\u00a0osobn\u00edch vozidel byly od roku 2030 o&nbsp;55&nbsp;% ni\u017e\u0161\u00ed ne\u017e v\u00a0tomto roce. Od roku 2035 pak n\u00e1vrh po\u010d\u00edt\u00e1 s\u00a0nulov\u00fdmi emisemi, k\u00a0tomuto roku by tedy m\u011bly skon\u010dit v\u00a0EU prodeje nov\u00fdch vozidel se spalovac\u00edm motorem.<\/p>\n<p>Je z\u0159ejm\u00e9, \u017ee dosa\u017een\u00ed tak masivn\u00edho sn\u00ed\u017een\u00ed za tak kr\u00e1tkou dobu bude extr\u00e9mn\u011b n\u00e1ro\u010dn\u00e9 a&nbsp;z\u00e1rove\u0148 velmi n\u00e1kladn\u00e9. To v\u0161e uprost\u0159ed nejistoty pandemie covid-19, kter\u00e1 od\u010derp\u00e1v\u00e1 zna\u010dn\u00e9 prost\u0159edky. Z\u00e1rove\u0148 lze p\u0159echodn\u011b o\u010dek\u00e1vat hlubok\u00e9 struktur\u00e1ln\u00ed dopady na cel\u00fd hodnotov\u00fd \u0159et\u011bzec v\u00a0autopr\u016fmyslu, v\u010detn\u011b dopad\u016f na pracovn\u00ed trh. Stanoven\u00ed data pro ukon\u010den\u00ed registrac\u00ed vozidel se spalovac\u00edm motorem (ICE) pak m\u016f\u017ee b\u00fdt kontraproduktivn\u00ed. \u201e<em>Nemysl\u00edme si, \u017ee by na\u0159\u00edzen\u00ed m\u011blo v&nbsp;tuto chv\u00edli stanovovat datum pro z\u00e1kaz prodeje aut se spalovac\u00edmi motory. Stanoven\u00ed takov\u00e9ho data m\u016f\u017ee snahu o&nbsp;ochranu klimatu naopak zhor\u0161it, spot\u0159ebitel\u00e9 si zakoup\u00ed ve v\u011bt\u0161\u00ed m\u00ed\u0159e vozidla se spalovac\u00edm motorem p\u0159ed t\u00edmto datem, pota\u017emo budou sv\u00e1 star\u0161\u00ed vozidla pou\u017e\u00edvat d\u00e9le. Ur\u010dit\u011b by m\u011bly b\u00fdt reflektov\u00e1ny velmi rozd\u00edln\u00e9 geografick\u00e9 i\u00a0ekonomick\u00e9 podm\u00ednky v&nbsp;jednotliv\u00fdch \u010dlensk\u00fdch st\u00e1tech EU<\/em>,\u201c \u0159\u00edk\u00e1 <strong>Robert Kiml<\/strong>, <strong>viceprezident Sdru\u017een\u00ed<\/strong> a&nbsp;<strong>gener\u00e1ln\u00ed \u0159editel Toyota Motor Manufacturing Czech Republic<\/strong>.<\/p>\n<p>Pouh\u00e9 zp\u0159\u00edsn\u011bn\u00ed c\u00edl\u016f pro nov\u00e1 vozidla nav\u00edc nebude samo o&nbsp;sob\u011b efektivn\u00ed cestou ke sn\u00ed\u017een\u00ed emis\u00ed v\u00a0silni\u010dn\u00ed doprav\u011b. Mimo nov\u00fdch vozidel je t\u0159eba m\u00edt na pam\u011bti i&nbsp;st\u00e1vaj\u00edc\u00ed vozov\u00fd park<em>. \u201ePro efektivn\u00ed sni\u017eov\u00e1n\u00ed emis\u00ed z\u00a0dopravy je zapot\u0159eb\u00ed, aby legislativa umo\u017enila nab\u00eddnout z\u00e1kazn\u00edk\u016fm v\u00a0p\u0159echodov\u00e9 dob\u011b \u0161ir\u0161\u00ed paletu \u0159e\u0161en\u00ed<\/em>. <em>Z pohledu regulace by tak nap\u0159. vozidla s&nbsp;hybridn\u00edm pohonem m\u011bla i&nbsp;nad\u00e1le p\u0159edstavovat podporovanou technologii. Stejn\u011b tak by EU m\u011bla vz\u00edt v\u00a0potaz vyu\u017eit\u00ed syntetick\u00fdch <\/em>a\u00a0pokro\u010dil\u00fdch<em> alternativn\u00edch paliv vyroben\u00fdch za pou\u017eit\u00ed obnoviteln\u00fdch zdroj\u016f energie (vod\u00edk, CNG), jejich\u017e p\u0159\u00ednos by pro dekarbonizaci st\u00e1vaj\u00edc\u00edho vozov\u00e9ho parku byl nesporn\u00fd. Stanoven\u00e9 c\u00edle mus\u00ed b\u00fdt nutn\u011b nav\u00e1z\u00e1ny na napl\u0148ov\u00e1n\u00ed z\u00e1vazn\u00fdch podm\u00ednek v\u0161emi \u010dlensk\u00fdmi st\u00e1ty, pokud jde o&nbsp;rozvoj infrastruktury pro alternativn\u00ed pohony<\/em>,\u201c dod\u00e1v\u00e1 <strong>Miroslav Dvo\u0159\u00e1k<\/strong>.<\/p>\n<p>Odpov\u00eddaj\u00edc\u00ed podm\u00ednky pro rozvoj infrastruktury jsou z\u00e1sadn\u00edm p\u0159edpokladem pro rozvoj \u010dist\u00e9 mobility. Nap\u0159. sou\u010dasn\u011b platn\u00fd c\u00edl pro rok 2030 (sn\u00ed\u017een\u00ed emis\u00ed CO<sub>2<\/sub> o&nbsp;37,5&nbsp;% oproti roku 2021) by vy\u017eadoval 3\u00a0miliony ve\u0159ejn\u00fdch dob\u00edjec\u00edch bod\u016f, p\u0159i nav\u00fd\u0161en\u00ed ambice na 55&nbsp;% odhady samotn\u00e9 Evropsk\u00e9 komise hovo\u0159\u00ed o\u00a0pot\u0159eb\u011b v\u00edce ne\u017e 6 milion\u016f dob\u00edjec\u00edch bod\u016f, p\u0159i\u010dem\u017e na konci roku 2020 jich bylo v&nbsp;EU n\u011bco p\u0159es 200 tis\u00edc. Adekv\u00e1tn\u011b bude t\u0159eba budovat tak\u00e9 vod\u00edkovou pln\u00edc\u00ed infrastrukturu, jej\u00ed\u017e rozvoj v&nbsp;\u0159ad\u011b \u010dlensk\u00fdch st\u00e1t\u016f je\u0161t\u011b ani neza\u010dal. Z\u00a0tohoto pohledu je tedy pozitivn\u00ed, \u017ee bal\u00ed\u010dek obsahuje tak\u00e9 legislativn\u00ed n\u00e1vrh stanovuj\u00edc\u00ed povinn\u00e9 c\u00edle pro \u010dlensk\u00e9 st\u00e1ty v\u00a0oblasti infrastruktury pro alternativn\u00ed paliva. N\u00e1vrh v\u0161ak obsahuje jinou metodologii po\u010d\u00edt\u00e1n\u00ed pot\u0159ebn\u00e9 infrastruktury, ne\u017e byla dosud vyu\u017e\u00edv\u00e1na, je tedy t\u0159eba pe\u010dliv\u011b zanalyzovat, zda budou c\u00edle dosta\u010duj\u00edc\u00ed.<\/p>\n<p>Zp\u0159\u00edsn\u011bn\u00ed c\u00edl\u016f pro jednotliv\u00e9 sektory v\u010detn\u011b dopravy je sou\u010d\u00e1st\u00ed nov\u00e9 zelen\u00e9 politiky EU (New Green Deal) a&nbsp;dekarbonizace dopravy. Ji\u017e te\u010f je jasn\u00e9, \u017ee zaveden\u00ed p\u0159\u00edsn\u011bj\u0161\u00edch c\u00edl\u016f bude vy\u017eadovat obrovsk\u00e9 investice a&nbsp;masovou elektrifikaci produktov\u00e9ho portfolia v\u00fdrobc\u016f. Nem\u00e9n\u011b d\u016fle\u017eit\u00fdm p\u0159edpokladem pro transformaci autopr\u016fmyslu je pak masivn\u00ed podpora reskillingu a\u00a0upskillingu pracovn\u00edk\u016f, podpora v\u00fdvoje nov\u00fdch technologi\u00ed, robotizace a&nbsp;automatizace.<\/p>\n<p>Vzhledem ke komplexnosti bal\u00ed\u010dku je nyn\u00ed t\u0159eba \u0159\u00e1dn\u00e9 posouzen\u00ed jednotliv\u00fdch parametr\u016f. P\u0159i\u00a0n\u00e1sleduj\u00edc\u00edm projedn\u00e1v\u00e1n\u00ed Radou EU a&nbsp;Evropsk\u00fdm parlamentem bude nezbytn\u011b nutn\u00e9 zajistit, aby do sebe jednotliv\u00e9 \u010d\u00e1sti zapadaly a&nbsp;tvo\u0159ily koherentn\u00ed a&nbsp;efektivn\u00ed podp\u016frn\u00fd r\u00e1mec p\u0159echodu na\u00a0n\u00edzkouhl\u00edkovou ekonomiku.<\/p>\n","protected":false},"featured_media":6696,"parent":0,"template":"","categories":[232],"acf":[],"yoast_head":"<!-- This site is optimized with the Yoast SEO plugin v24.5 - https:\/\/yoast.com\/wordpress\/plugins\/seo\/ -->\n<title>Pl\u00e1n sni\u017eov\u00e1n\u00ed emis\u00ed z dopravy mus\u00ed odr\u00e1\u017eet technologickou i ekonomickou realitu - SAP \u2013 Sdru\u017een\u00ed automobilov\u00e9ho pr\u016fmyslu<\/title>\n<meta name=\"robots\" content=\"index, follow, max-snippet:-1, max-image-preview:large, max-video-preview:-1\" \/>\n<link rel=\"canonical\" href=\"https:\/\/autosap.cz\/en\/aktualita\/plan-snizovani-emisi-z-dopravy-musi-odrazet-technologickou-i-ekonomickou-realitu\/\" \/>\n<meta property=\"og:locale\" content=\"en_US\" \/>\n<meta property=\"og:type\" content=\"article\" \/>\n<meta property=\"og:title\" content=\"Pl\u00e1n sni\u017eov\u00e1n\u00ed emis\u00ed z dopravy mus\u00ed odr\u00e1\u017eet technologickou i ekonomickou realitu - SAP \u2013 Sdru\u017een\u00ed automobilov\u00e9ho pr\u016fmyslu\" \/>\n<meta property=\"og:description\" content=\"\u201eAutomobilov\u00fd pr\u016fmysl si je v\u011bdom sv\u00fdch z\u00e1vazk\u016f vypl\u00fdvaj\u00edc\u00edch z&nbsp;mezin\u00e1rodn\u00edch dohod a&nbsp;klimatick\u00fdch c\u00edl\u016f. Ve snaze aktivn\u011b p\u0159isp\u011bt k&nbsp;\u0159e\u0161en\u00ed glob\u00e1ln\u00edho oteplov\u00e1n\u00ed je proto z\u00e1sadn\u00edm investorem do v\u00fdvoje \u0159e\u0161en\u00ed n\u00edzko- a\u00a0bezemisn\u00ed mobility. Aby toto \u00fasil\u00ed nebylo zma\u0159eno, politick\u00e1 reprezentace mus\u00ed p\u0159i sv\u00fdch nadch\u00e1zej\u00edc\u00edch jedn\u00e1n\u00ed objektivn\u011b vyhodnotit cel\u00e9 spektrum dopad\u016f. Navr\u017een\u00e1 regulace bude toti\u017e z\u00e1sadn\u00edm zp\u016fsobem ovliv\u0148ovat nejen \u017eivotn\u00ed... Read more\" \/>\n<meta property=\"og:url\" content=\"https:\/\/autosap.cz\/en\/aktualita\/plan-snizovani-emisi-z-dopravy-musi-odrazet-technologickou-i-ekonomickou-realitu\/\" \/>\n<meta property=\"og:site_name\" content=\"SAP \u2013 Sdru\u017een\u00ed automobilov\u00e9ho pr\u016fmyslu\" \/>\n<meta name=\"twitter:card\" content=\"summary_large_image\" \/>\n<meta name=\"twitter:label1\" content=\"Est. reading time\" \/>\n\t<meta name=\"twitter:data1\" content=\"4 minutes\" \/>\n<script type=\"application\/ld+json\" class=\"yoast-schema-graph\">{\"@context\":\"https:\/\/schema.org\",\"@graph\":[{\"@type\":\"WebPage\",\"@id\":\"https:\/\/autosap.cz\/en\/aktualita\/plan-snizovani-emisi-z-dopravy-musi-odrazet-technologickou-i-ekonomickou-realitu\/\",\"url\":\"https:\/\/autosap.cz\/en\/aktualita\/plan-snizovani-emisi-z-dopravy-musi-odrazet-technologickou-i-ekonomickou-realitu\/\",\"name\":\"Pl\u00e1n sni\u017eov\u00e1n\u00ed emis\u00ed z dopravy mus\u00ed odr\u00e1\u017eet technologickou i ekonomickou realitu - SAP \u2013 Sdru\u017een\u00ed automobilov\u00e9ho pr\u016fmyslu\",\"isPartOf\":{\"@id\":\"https:\/\/autosap.cz\/en\/#website\"},\"primaryImageOfPage\":{\"@id\":\"https:\/\/autosap.cz\/en\/aktualita\/plan-snizovani-emisi-z-dopravy-musi-odrazet-technologickou-i-ekonomickou-realitu\/#primaryimage\"},\"image\":{\"@id\":\"https:\/\/autosap.cz\/en\/aktualita\/plan-snizovani-emisi-z-dopravy-musi-odrazet-technologickou-i-ekonomickou-realitu\/#primaryimage\"},\"thumbnailUrl\":\"https:\/\/autosap.cz\/wp-content\/uploads\/2020\/01\/european-commission-brussels-building-outdoor-blue-sky.jpg\",\"datePublished\":\"2021-07-14T14:26:45+00:00\",\"breadcrumb\":{\"@id\":\"https:\/\/autosap.cz\/en\/aktualita\/plan-snizovani-emisi-z-dopravy-musi-odrazet-technologickou-i-ekonomickou-realitu\/#breadcrumb\"},\"inLanguage\":\"en-US\",\"potentialAction\":[{\"@type\":\"ReadAction\",\"target\":[\"https:\/\/autosap.cz\/en\/aktualita\/plan-snizovani-emisi-z-dopravy-musi-odrazet-technologickou-i-ekonomickou-realitu\/\"]}]},{\"@type\":\"ImageObject\",\"inLanguage\":\"en-US\",\"@id\":\"https:\/\/autosap.cz\/en\/aktualita\/plan-snizovani-emisi-z-dopravy-musi-odrazet-technologickou-i-ekonomickou-realitu\/#primaryimage\",\"url\":\"https:\/\/autosap.cz\/wp-content\/uploads\/2020\/01\/european-commission-brussels-building-outdoor-blue-sky.jpg\",\"contentUrl\":\"https:\/\/autosap.cz\/wp-content\/uploads\/2020\/01\/european-commission-brussels-building-outdoor-blue-sky.jpg\",\"width\":1200,\"height\":800},{\"@type\":\"BreadcrumbList\",\"@id\":\"https:\/\/autosap.cz\/en\/aktualita\/plan-snizovani-emisi-z-dopravy-musi-odrazet-technologickou-i-ekonomickou-realitu\/#breadcrumb\",\"itemListElement\":[{\"@type\":\"ListItem\",\"position\":1,\"name\":\"\",\"item\":\"https:\/\/autosap.cz\/en\/\"},{\"@type\":\"ListItem\",\"position\":2,\"name\":\"News\",\"item\":\"https:\/\/autosap.cz\/en\/aktualita\/\"},{\"@type\":\"ListItem\",\"position\":3,\"name\":\"Pl\u00e1n sni\u017eov\u00e1n\u00ed emis\u00ed z&nbsp;dopravy mus\u00ed odr\u00e1\u017eet technologickou i&nbsp;ekonomickou realitu\"}]},{\"@type\":\"WebSite\",\"@id\":\"https:\/\/autosap.cz\/en\/#website\",\"url\":\"https:\/\/autosap.cz\/en\/\",\"name\":\"SAP \u2013 Sdru\u017een\u00ed automobilov\u00e9ho pr\u016fmyslu\",\"description\":\"Sdru\u017een\u00ed automobilov\u00e9ho pr\u016fmyslu\",\"potentialAction\":[{\"@type\":\"SearchAction\",\"target\":{\"@type\":\"EntryPoint\",\"urlTemplate\":\"https:\/\/autosap.cz\/en\/?s={search_term_string}\"},\"query-input\":{\"@type\":\"PropertyValueSpecification\",\"valueRequired\":true,\"valueName\":\"search_term_string\"}}],\"inLanguage\":\"en-US\"}]}<\/script>\n<!-- \/ Yoast SEO plugin. -->","yoast_head_json":{"title":"Pl\u00e1n sni\u017eov\u00e1n\u00ed emis\u00ed z dopravy mus\u00ed odr\u00e1\u017eet technologickou i ekonomickou realitu - SAP \u2013 Sdru\u017een\u00ed automobilov\u00e9ho pr\u016fmyslu","robots":{"index":"index","follow":"follow","max-snippet":"max-snippet:-1","max-image-preview":"max-image-preview:large","max-video-preview":"max-video-preview:-1"},"canonical":"https:\/\/autosap.cz\/en\/aktualita\/plan-snizovani-emisi-z-dopravy-musi-odrazet-technologickou-i-ekonomickou-realitu\/","og_locale":"en_US","og_type":"article","og_title":"Pl\u00e1n sni\u017eov\u00e1n\u00ed emis\u00ed z dopravy mus\u00ed odr\u00e1\u017eet technologickou i ekonomickou realitu - SAP \u2013 Sdru\u017een\u00ed automobilov\u00e9ho pr\u016fmyslu","og_description":"\u201eAutomobilov\u00fd pr\u016fmysl si je v\u011bdom sv\u00fdch z\u00e1vazk\u016f vypl\u00fdvaj\u00edc\u00edch z&nbsp;mezin\u00e1rodn\u00edch dohod a&nbsp;klimatick\u00fdch c\u00edl\u016f. Ve snaze aktivn\u011b p\u0159isp\u011bt k&nbsp;\u0159e\u0161en\u00ed glob\u00e1ln\u00edho oteplov\u00e1n\u00ed je proto z\u00e1sadn\u00edm investorem do v\u00fdvoje \u0159e\u0161en\u00ed n\u00edzko- a\u00a0bezemisn\u00ed mobility. Aby toto \u00fasil\u00ed nebylo zma\u0159eno, politick\u00e1 reprezentace mus\u00ed p\u0159i sv\u00fdch nadch\u00e1zej\u00edc\u00edch jedn\u00e1n\u00ed objektivn\u011b vyhodnotit cel\u00e9 spektrum dopad\u016f. Navr\u017een\u00e1 regulace bude toti\u017e z\u00e1sadn\u00edm zp\u016fsobem ovliv\u0148ovat nejen \u017eivotn\u00ed... Read more","og_url":"https:\/\/autosap.cz\/en\/aktualita\/plan-snizovani-emisi-z-dopravy-musi-odrazet-technologickou-i-ekonomickou-realitu\/","og_site_name":"SAP \u2013 Sdru\u017een\u00ed automobilov\u00e9ho pr\u016fmyslu","twitter_card":"summary_large_image","twitter_misc":{"Est. reading time":"4 minutes"},"schema":{"@context":"https:\/\/schema.org","@graph":[{"@type":"WebPage","@id":"https:\/\/autosap.cz\/en\/aktualita\/plan-snizovani-emisi-z-dopravy-musi-odrazet-technologickou-i-ekonomickou-realitu\/","url":"https:\/\/autosap.cz\/en\/aktualita\/plan-snizovani-emisi-z-dopravy-musi-odrazet-technologickou-i-ekonomickou-realitu\/","name":"Pl\u00e1n sni\u017eov\u00e1n\u00ed emis\u00ed z dopravy mus\u00ed odr\u00e1\u017eet technologickou i ekonomickou realitu - SAP \u2013 Sdru\u017een\u00ed automobilov\u00e9ho pr\u016fmyslu","isPartOf":{"@id":"https:\/\/autosap.cz\/en\/#website"},"primaryImageOfPage":{"@id":"https:\/\/autosap.cz\/en\/aktualita\/plan-snizovani-emisi-z-dopravy-musi-odrazet-technologickou-i-ekonomickou-realitu\/#primaryimage"},"image":{"@id":"https:\/\/autosap.cz\/en\/aktualita\/plan-snizovani-emisi-z-dopravy-musi-odrazet-technologickou-i-ekonomickou-realitu\/#primaryimage"},"thumbnailUrl":"https:\/\/autosap.cz\/wp-content\/uploads\/2020\/01\/european-commission-brussels-building-outdoor-blue-sky.jpg","datePublished":"2021-07-14T14:26:45+00:00","breadcrumb":{"@id":"https:\/\/autosap.cz\/en\/aktualita\/plan-snizovani-emisi-z-dopravy-musi-odrazet-technologickou-i-ekonomickou-realitu\/#breadcrumb"},"inLanguage":"en-US","potentialAction":[{"@type":"ReadAction","target":["https:\/\/autosap.cz\/en\/aktualita\/plan-snizovani-emisi-z-dopravy-musi-odrazet-technologickou-i-ekonomickou-realitu\/"]}]},{"@type":"ImageObject","inLanguage":"en-US","@id":"https:\/\/autosap.cz\/en\/aktualita\/plan-snizovani-emisi-z-dopravy-musi-odrazet-technologickou-i-ekonomickou-realitu\/#primaryimage","url":"https:\/\/autosap.cz\/wp-content\/uploads\/2020\/01\/european-commission-brussels-building-outdoor-blue-sky.jpg","contentUrl":"https:\/\/autosap.cz\/wp-content\/uploads\/2020\/01\/european-commission-brussels-building-outdoor-blue-sky.jpg","width":1200,"height":800},{"@type":"BreadcrumbList","@id":"https:\/\/autosap.cz\/en\/aktualita\/plan-snizovani-emisi-z-dopravy-musi-odrazet-technologickou-i-ekonomickou-realitu\/#breadcrumb","itemListElement":[{"@type":"ListItem","position":1,"name":"","item":"https:\/\/autosap.cz\/en\/"},{"@type":"ListItem","position":2,"name":"News","item":"https:\/\/autosap.cz\/en\/aktualita\/"},{"@type":"ListItem","position":3,"name":"Pl\u00e1n sni\u017eov\u00e1n\u00ed emis\u00ed z&nbsp;dopravy mus\u00ed odr\u00e1\u017eet technologickou i&nbsp;ekonomickou realitu"}]},{"@type":"WebSite","@id":"https:\/\/autosap.cz\/en\/#website","url":"https:\/\/autosap.cz\/en\/","name":"SAP \u2013 Sdru\u017een\u00ed automobilov\u00e9ho pr\u016fmyslu","description":"Sdru\u017een\u00ed automobilov\u00e9ho pr\u016fmyslu","potentialAction":[{"@type":"SearchAction","target":{"@type":"EntryPoint","urlTemplate":"https:\/\/autosap.cz\/en\/?s={search_term_string}"},"query-input":{"@type":"PropertyValueSpecification","valueRequired":true,"valueName":"search_term_string"}}],"inLanguage":"en-US"}]}},"_links":{"self":[{"href":"https:\/\/autosap.cz\/en\/wp-json\/wp\/v2\/aktualita\/11631"}],"collection":[{"href":"https:\/\/autosap.cz\/en\/wp-json\/wp\/v2\/aktualita"}],"about":[{"href":"https:\/\/autosap.cz\/en\/wp-json\/wp\/v2\/types\/aktualita"}],"wp:featuredmedia":[{"embeddable":true,"href":"https:\/\/autosap.cz\/en\/wp-json\/wp\/v2\/media\/6696"}],"wp:attachment":[{"href":"https:\/\/autosap.cz\/en\/wp-json\/wp\/v2\/media?parent=11631"}],"wp:term":[{"taxonomy":"category","embeddable":true,"href":"https:\/\/autosap.cz\/en\/wp-json\/wp\/v2\/categories?post=11631"}],"curies":[{"name":"wp","href":"https:\/\/api.w.org\/{rel}","templated":true}]}}