{"id":11642,"date":"2021-04-19T11:00:57","date_gmt":"2021-04-19T09:00:57","guid":{"rendered":"https:\/\/autosap.cz\/aktualita\/vyvoj-vyroby-automobilu-v-cesku-v-prvnim-ctvrtleti-vnasi-mirny-optimismus\/"},"modified":"2021-04-19T11:00:57","modified_gmt":"2021-04-19T09:00:57","slug":"vyvoj-vyroby-automobilu-v-cesku-v-prvnim-ctvrtleti-vnasi-mirny-optimismus","status":"publish","type":"aktualita","link":"https:\/\/autosap.cz\/en\/aktualita\/vyvoj-vyroby-automobilu-v-cesku-v-prvnim-ctvrtleti-vnasi-mirny-optimismus\/","title":{"rendered":"V\u00fdvoj v\u00fdroby automobil\u016f v&nbsp;\u010cesku v&nbsp;prvn\u00edm \u010dtvrtlet\u00ed vn\u00e1\u0161\u00ed m\u00edrn\u00fd optimismus"},"content":{"rendered":"<p>P\u0159i hodnocen\u00ed roku 2021 je pot\u0159eba zohlednit, \u017ee ve druh\u00e9 polovin\u011b b\u0159ezna 2020 se uzav\u0159el prakticky cel\u00fd evropsk\u00fd automobilov\u00fd pr\u016fmysl. V\u00a0\u010cesk\u00e9 republice se nejprve 18.&nbsp;b\u0159ezna 2020 zastavila v\u00fdroba ve \u0160KODA AUTO a&nbsp;TPCA, no\u0161ovick\u00fd Hyundai je n\u00e1sledoval o&nbsp;p\u011bt dn\u00ed pozd\u011bji. Jak upozor\u0148uje <strong>Zden\u011bk Petzl<\/strong>, <strong>v\u00fdkonn\u00fd \u0159editel Sdru\u017een\u00ed automobilov\u00e9ho pr\u016fmyslu<\/strong>, realisti\u010dt\u011bj\u0161\u00ed pohled na v\u00fdvoj leto\u0161n\u00ed v\u00fdroby proto d\u00e1v\u00e1 srovn\u00e1n\u00ed s\u00a0rokem 2019. \u201e<em>Tehdy bylo v\u00a0prvn\u00edm \u010dtvrtlet\u00ed vyrobeno v\u00edce ne\u017e 363 tis\u00edc osobn\u00edch vozidel, tedy jen o&nbsp;8,6&nbsp;% v\u00edce ne\u017e letos, v\u00a0samotn\u00e9m b\u0159eznu se produkce automobil\u016f p\u0159ibl\u00ed\u017eila roku 2019 dokonce na necel\u00fdch p\u011bt procent rozd\u00edlu. Tr\u017en\u00ed a&nbsp;ekonomick\u00e9 podm\u00ednky jsou v\u0161ak diametr\u00e1ln\u011b odli\u0161n\u00e9. V\u00a0autopr\u016fmyslu je nad\u00e1le patrn\u00e1 velk\u00e1 nejistota. Situace na trhu s\u00a0polovodi\u010di i&nbsp;ceny dal\u0161\u00edch vstup\u016f nyn\u00ed dus\u00ed automobilky na cel\u00e9m sv\u011bt\u011b, \u010cesko nen\u00ed v\u00fdjimkou. Kol\u00ednsk\u00e1 Toyota dokonce musela z\u00a0tohoto d\u016fvodu na\u010das zastavit v\u00fdrobu,\u201c <\/em>objas\u0148uje <strong>Zden\u011bk Petzl<\/strong> a&nbsp;dod\u00e1v\u00e1: \u201e<em>Aktu\u00e1ln\u00ed zpr\u00e1vy z\u00a0evropsk\u00fdch trh\u016f ukazuj\u00ed na m\u00edrn\u00e9 o\u017eiven\u00ed. \u010cerstv\u00e1 statistika ACEA potvrzuje meziro\u010dn\u00ed r\u016fst 3,2&nbsp;% a&nbsp;d\u00e1v\u00e1 n\u00e1m tak nad\u011bji na m\u00edrn\u00fd optimismus.\u201c<\/em><\/p>\n<h5><strong>Osobn\u00ed vozidla<\/strong><\/h5>\n<p>Celkem bylo za prvn\u00ed t\u0159i m\u011bs\u00edce leto\u0161n\u00edho roku vyrobeno celkem 331&nbsp;897 voz\u016f. To je o&nbsp;2,8&nbsp;% v\u00edce ne\u017e v\u00a0prvn\u00edm \u010dtvrtlet\u00ed roku 2020. Automobilk\u00e1m se poda\u0159ilo od za\u010d\u00e1tku roku zv\u00fd\u0161it objem v\u00fdroby i&nbsp;prodej\u016f. \u00a0V b\u0159eznu bylo vyrobeno celkem 125&nbsp;202 voz\u016f, co\u017e znamen\u00e1 o&nbsp;19,7&nbsp;% v\u00edce ne\u017e v\u00a0lednu a&nbsp;dokonce o\u00a022,6\u00a0% v\u00edce ne\u017e v\u00a0\u00fanoru.<\/p>\n<p><img loading=\"lazy\" decoding=\"async\" width=\"700\" height=\"364\" class=\"alignnone size-large wp-image-9393\" src=\"https:\/\/autosap.cz\/wp-content\/uploads\/2021\/04\/vyroba-1-3-2021-700x364.jpg\" alt=\"\" srcset=\"https:\/\/autosap.cz\/wp-content\/uploads\/2021\/04\/vyroba-1-3-2021-700x364.jpg 700w, https:\/\/autosap.cz\/wp-content\/uploads\/2021\/04\/vyroba-1-3-2021-250x130.jpg 250w, https:\/\/autosap.cz\/wp-content\/uploads\/2021\/04\/vyroba-1-3-2021-768x399.jpg 768w, https:\/\/autosap.cz\/wp-content\/uploads\/2021\/04\/vyroba-1-3-2021-1536x799.jpg 1536w, https:\/\/autosap.cz\/wp-content\/uploads\/2021\/04\/vyroba-1-3-2021-2048x1065.jpg 2048w, https:\/\/autosap.cz\/wp-content\/uploads\/2021\/04\/vyroba-1-3-2021-1900x988.jpg 1900w, https:\/\/autosap.cz\/wp-content\/uploads\/2021\/04\/vyroba-1-3-2021-120x62.jpg 120w\" sizes=\"(max-width: 700px) 100vw, 700px\" \/><\/p>\n<p>Ve srovn\u00e1n\u00ed se stejn\u00fdm obdob\u00edm lo\u0148sk\u00e9ho roku se da\u0159ilo p\u0159edev\u0161\u00edm no\u0161ovick\u00e9mu z\u00e1vodu spole\u010dnosti Hyundai, ve kter\u00e9m bylo v\u00a0prvn\u00edm kvart\u00e1lu vyrobeno 65\u00a0700 automobil\u016f (+ 17,1&nbsp;%). Dvojcifern\u00fd n\u00e1r\u016fst zaznamenal jak na tuzemsk\u00e9m trhu (+ 16,5&nbsp;%), tak v\u00a0exportu (+ 17,2&nbsp;%). V\u00a0roce 2019, kdy byla v\u00fdroba vozidel v\u00a0\u010cR v\u00a0podstat\u011b na vrcholu, Hyundai vyrobil za prvn\u00ed kvart\u00e1l 73 tis\u00edc vozidel.<\/p>\n<p>\u0160KODA AUTO vyrobila v\u00a0tuzemsk\u00fdch z\u00e1vodech 225\u00a0115 vozidel (+ 5,4&nbsp;%). Na \u010desk\u00fd trh bylo um\u00edst\u011bno 19\u00a0574 vozidel (- 8,0&nbsp;%), na zahrani\u010dn\u00ed trhy bylo ur\u010deno 205\u00a0878 vozidel (+ 6,7&nbsp;%). V\u00a0prvn\u00edm kvart\u00e1lu roku 2019 bylo vyrobeno 231\u00a0280 \u201e\u0161kodovek\u201c.<\/p>\n<p>Kol\u00ednsk\u00e1 Toyota byla nucena z\u00a0d\u016fvodu nedostatku polovodi\u010d\u016f v\u00a0b\u0159eznu do\u010dasn\u011b na dva t\u00fddny zastavit v\u00fdrobu. I&nbsp;z\u00a0tohoto d\u016fvodu tak do\u0161lo v\u00a0prvn\u00edm \u010dtvrtlet\u00ed k\u00a0meziro\u010dn\u00edmu poklesu produkce o&nbsp;22,8 %, kdy\u017e bylo vyrobeno 41\u00a0082 automobil\u016f. Naprost\u00e1 v\u011bt\u0161ina pak zam\u00ed\u0159ila na export (40\u00a0816 ks).<\/p>\n<p>V\u00fdroba elektrick\u00fdch vozidel (BEV a&nbsp;PHEV) v\u00a0prvn\u00edm \u010dtvrtlet\u00ed odr\u00e1\u017e\u00ed zv\u00fd\u0161en\u00fd z\u00e1jem o&nbsp;\u010distou mobilitu. V\u00a0z\u00e1vodech \u0160KODA AUTO a&nbsp;Hyundai bylo vyrobeno celkov\u011b 25\u00a0918 elektrick\u00fdch vozidel (+\u00a07,8&nbsp;%), z\u00a0nich\u017e bylo 12\u00a0272 elektromobil\u016f BEV (+ 3,7&nbsp;%) a&nbsp;13\u00a0646 hybrid\u016f PHEV (+ 4,1&nbsp;%). N\u00e1r\u016fst v\u00fdroby v\u00a0b\u0159eznu oproti \u00fanoru by t\u00e9m\u011b\u0159 trojn\u00e1sobn\u00fd. Pod\u00edl elektrick\u00fd vozidel na celkov\u00e9m objemu v\u00fdroby \u010dinil v\u00a0uplynul\u00e9m m\u011bs\u00edci ji\u017e 13,1&nbsp;%.<\/p>\n<h5><strong>Autobusy<\/strong><\/h5>\n<p>V\u00a0prvn\u00edm \u010dtvrtlet\u00ed bylo v\u00a0\u010cesku vyrobeno 1\u00a0111 autobus\u016f (- 13,5&nbsp;%), 148 autobus\u016f bylo ur\u010deno pro tuzemsk\u00fd trh (- 29,2&nbsp;%), zbyl\u00fdch 935 bylo exportov\u00e1no (- 5,6&nbsp;%). Ve vysokom\u00fdtsk\u00e9m IVECO CR bylo vyrobeno 1\u00a0017 autobus\u016f, tedy o&nbsp;13,7&nbsp;% m\u00e9n\u011b ne\u017e v\u00a0lo\u0148sk\u00e9m roce, kdy v\u00fdrobce udr\u017eel chod v\u00fdroby a\u017e do 30.&nbsp;b\u0159ezna. SOR Libchavy, kter\u00fd vyr\u00e1b\u011bl i&nbsp;v\u00a0pr\u016fb\u011bhu lo\u0148sk\u00e9 prvn\u00ed vlny covidu, dok\u00e1zal v\u00a0prvn\u00edm \u010dtvrtlet\u00ed tohoto roku vyrobit 89 autobus\u016f (-12,7&nbsp;%). Produkce autobus\u016f s\u00a0elektrick\u00fdm pohonem v\u00a0SOR Libchavy dos\u00e1hla v\u00a0prvn\u00edm kvart\u00e1lu 15 ks a&nbsp;p\u0159edstavovala pod\u00edl 16,9&nbsp;%. V\u00fdrobce KHMC Opava v\u00a0tomto roce vyrobil 5 autobus\u016f.<\/p>\n<h5><strong>N\u00e1kladn\u00ed vozidla<\/strong><\/h5>\n<p>Spole\u010dnost TATRA Trucks, kter\u00e1 je mezi \u010dleny Sdru\u017een\u00ed automobilov\u00e9ho pr\u016fmyslu jedin\u00fdm v\u00fdrobcem n\u00e1kladn\u00edch vozidel, vyrobila v\u00a0prvn\u00edm \u010dtvrtlet\u00ed tohoto roku 241 vozidel, tedy o&nbsp;65 ks m\u00e9n\u011b ne\u017e ve\u00a0stejn\u00e9m obdob\u00ed lo\u0148sk\u00e9ho roku (tj. &#8211; 21,2&nbsp;%). Produkce Tatry byla z\u00a0v\u011bt\u0161\u00ed \u010d\u00e1sti exportov\u00e1na (150 ks), v\u00a0\u010cesku bylo um\u00edst\u011bno 85 vozidel.<\/p>\n<h5><strong>Motocykly<\/strong><\/h5>\n<p>V\u00fdrobce JAWA Moto vyrobil v\u00a0prvn\u00edm \u010dtvrtlet\u00ed 271 motocykl\u016f, tj. o&nbsp;153 ks (+ 129,7&nbsp;%) v\u00edce ne\u017e v\u00a0minul\u00e9m roce. Da\u0159ilo se mu p\u0159edev\u0161\u00edm na \u010desk\u00e9m trhu s\u00a0230 prodan\u00fdmi kusy (+ 369,4&nbsp;%). Produkce motocykl\u016f nar\u016fst\u00e1 postupn\u011b, v\u00a0lednu bylo vyrobeno 76 ks, v\u00a0\u00fanoru 91 ks a&nbsp;v\u00a0b\u0159eznu 104 stroj\u016f.<\/p>\n<h5><strong>P\u0159\u00edpojn\u00e1 vozidla<\/strong><\/h5>\n<p>Da\u0159ilo se tak\u00e9 v\u00fdrobc\u016fm v\u00a0segmentu p\u0159\u00edpojn\u00fdch vozidel. Mezi lednem a&nbsp;b\u0159eznem bylo vyrobeno celkov\u011b 5\u00a0977 p\u0159\u00edv\u011bs\u016f a&nbsp;n\u00e1v\u011bs\u016f, tj. o&nbsp;755 ks (14,5&nbsp;%) v\u00edce ne\u017e vloni. Celkov\u00fd r\u016fst segmentu podpo\u0159ila p\u0159edev\u0161\u00edm spole\u010dnost AGADOS, kter\u00e1 produkuje mal\u00e9 p\u0159\u00edv\u011bsy do 3,5t. T\u011bch vyrobila celkov\u011b 5\u00a0404 ks (+ 17,4&nbsp;%), v\u00a0\u010cesku jich prodala 2\u00a0723 ks (+ 30,2&nbsp;%) a&nbsp;na export zam\u00ed\u0159ilo 2\u00a0270 ks (+ 39,9&nbsp;%). V&nbsp;segmentu velk\u00fdch p\u0159\u00edv\u011bs\u016f a&nbsp;n\u00e1v\u011bs\u016f se da\u0159ilo firm\u011b PANAV. Ta vyrobila 111 p\u0159\u00edv\u011bs\u016f a&nbsp;n\u00e1v\u011bs\u016f, tj. o&nbsp;24 ks v\u00edce ne\u017e v\u00a0lo\u0148sk\u00e9m roce (+ 27,6&nbsp;%). V\u00a0prvn\u00edm \u010dtvrtlet\u00ed pak prodala 67 ks v\u00a0\u010cesku, 10 ks pak bylo exportov\u00e1no. Schwarzm\u00fcller zaznamenal pokles o&nbsp;13,0 %, kdy\u017e v\u00a0prvn\u00edm kvart\u00e1lu vyrobil 462 velk\u00fdch p\u0159\u00edpojn\u00fdch vozidel. Tak\u00e9 jeho produkce z\u016fstala v\u011bt\u0161inou v\u00a0\u010cesku, kde firma uplatnila 144 ks (- 0,7&nbsp;%), exportov\u00e1no bylo 83 ks (-\u00a082,7\u00a0%).<\/p>\n<p>***<\/p>\n<h6>Kompetn\u00ed statistiky najdete <a href=\"https:\/\/autosap.cz\/zakladni-prehledy-automotive\/vyroba-a-odbyt-vozidel\/\">zde &gt;&gt;&gt;<\/a><\/h6>\n","protected":false},"featured_media":9397,"parent":0,"template":"","categories":[232],"acf":[],"yoast_head":"<!-- This site is optimized with the Yoast SEO plugin v24.5 - https:\/\/yoast.com\/wordpress\/plugins\/seo\/ -->\n<title>V\u00fdvoj v\u00fdroby automobil\u016f v \u010cesku v prvn\u00edm \u010dtvrtlet\u00ed vn\u00e1\u0161\u00ed m\u00edrn\u00fd optimismus - SAP \u2013 Sdru\u017een\u00ed automobilov\u00e9ho pr\u016fmyslu<\/title>\n<meta name=\"robots\" content=\"index, follow, max-snippet:-1, max-image-preview:large, max-video-preview:-1\" \/>\n<link rel=\"canonical\" href=\"https:\/\/autosap.cz\/en\/aktualita\/vyvoj-vyroby-automobilu-v-cesku-v-prvnim-ctvrtleti-vnasi-mirny-optimismus\/\" \/>\n<meta property=\"og:locale\" content=\"en_US\" \/>\n<meta property=\"og:type\" content=\"article\" \/>\n<meta property=\"og:title\" content=\"V\u00fdvoj v\u00fdroby automobil\u016f v \u010cesku v prvn\u00edm \u010dtvrtlet\u00ed vn\u00e1\u0161\u00ed m\u00edrn\u00fd optimismus - SAP \u2013 Sdru\u017een\u00ed automobilov\u00e9ho pr\u016fmyslu\" \/>\n<meta property=\"og:description\" content=\"P\u0159i hodnocen\u00ed roku 2021 je pot\u0159eba zohlednit, \u017ee ve druh\u00e9 polovin\u011b b\u0159ezna 2020 se uzav\u0159el prakticky cel\u00fd evropsk\u00fd automobilov\u00fd pr\u016fmysl. V\u00a0\u010cesk\u00e9 republice se nejprve 18.&nbsp;b\u0159ezna 2020 zastavila v\u00fdroba ve \u0160KODA AUTO a&nbsp;TPCA, no\u0161ovick\u00fd Hyundai je n\u00e1sledoval o&nbsp;p\u011bt dn\u00ed pozd\u011bji. Jak upozor\u0148uje Zden\u011bk Petzl, v\u00fdkonn\u00fd \u0159editel Sdru\u017een\u00ed automobilov\u00e9ho pr\u016fmyslu, realisti\u010dt\u011bj\u0161\u00ed pohled na v\u00fdvoj leto\u0161n\u00ed v\u00fdroby proto... Read more\" \/>\n<meta property=\"og:url\" content=\"https:\/\/autosap.cz\/en\/aktualita\/vyvoj-vyroby-automobilu-v-cesku-v-prvnim-ctvrtleti-vnasi-mirny-optimismus\/\" \/>\n<meta property=\"og:site_name\" content=\"SAP \u2013 Sdru\u017een\u00ed automobilov\u00e9ho pr\u016fmyslu\" \/>\n<meta property=\"og:image\" content=\"https:\/\/autosap.cz\/wp-content\/uploads\/2021\/04\/vyroba-1-3-2021-700x364.jpg\" \/>\n<meta name=\"twitter:card\" content=\"summary_large_image\" \/>\n<meta name=\"twitter:label1\" content=\"Est. reading time\" \/>\n\t<meta name=\"twitter:data1\" content=\"5 minutes\" \/>\n<script type=\"application\/ld+json\" class=\"yoast-schema-graph\">{\"@context\":\"https:\/\/schema.org\",\"@graph\":[{\"@type\":\"WebPage\",\"@id\":\"https:\/\/autosap.cz\/en\/aktualita\/vyvoj-vyroby-automobilu-v-cesku-v-prvnim-ctvrtleti-vnasi-mirny-optimismus\/\",\"url\":\"https:\/\/autosap.cz\/en\/aktualita\/vyvoj-vyroby-automobilu-v-cesku-v-prvnim-ctvrtleti-vnasi-mirny-optimismus\/\",\"name\":\"V\u00fdvoj v\u00fdroby automobil\u016f v \u010cesku v prvn\u00edm \u010dtvrtlet\u00ed vn\u00e1\u0161\u00ed m\u00edrn\u00fd optimismus - SAP \u2013 Sdru\u017een\u00ed automobilov\u00e9ho pr\u016fmyslu\",\"isPartOf\":{\"@id\":\"https:\/\/autosap.cz\/en\/#website\"},\"primaryImageOfPage\":{\"@id\":\"https:\/\/autosap.cz\/en\/aktualita\/vyvoj-vyroby-automobilu-v-cesku-v-prvnim-ctvrtleti-vnasi-mirny-optimismus\/#primaryimage\"},\"image\":{\"@id\":\"https:\/\/autosap.cz\/en\/aktualita\/vyvoj-vyroby-automobilu-v-cesku-v-prvnim-ctvrtleti-vnasi-mirny-optimismus\/#primaryimage\"},\"thumbnailUrl\":\"https:\/\/autosap.cz\/wp-content\/uploads\/2021\/04\/190906-skoda-auto-phev-battery-production-01a-scaled.jpg\",\"datePublished\":\"2021-04-19T09:00:57+00:00\",\"breadcrumb\":{\"@id\":\"https:\/\/autosap.cz\/en\/aktualita\/vyvoj-vyroby-automobilu-v-cesku-v-prvnim-ctvrtleti-vnasi-mirny-optimismus\/#breadcrumb\"},\"inLanguage\":\"en-US\",\"potentialAction\":[{\"@type\":\"ReadAction\",\"target\":[\"https:\/\/autosap.cz\/en\/aktualita\/vyvoj-vyroby-automobilu-v-cesku-v-prvnim-ctvrtleti-vnasi-mirny-optimismus\/\"]}]},{\"@type\":\"ImageObject\",\"inLanguage\":\"en-US\",\"@id\":\"https:\/\/autosap.cz\/en\/aktualita\/vyvoj-vyroby-automobilu-v-cesku-v-prvnim-ctvrtleti-vnasi-mirny-optimismus\/#primaryimage\",\"url\":\"https:\/\/autosap.cz\/wp-content\/uploads\/2021\/04\/190906-skoda-auto-phev-battery-production-01a-scaled.jpg\",\"contentUrl\":\"https:\/\/autosap.cz\/wp-content\/uploads\/2021\/04\/190906-skoda-auto-phev-battery-production-01a-scaled.jpg\",\"width\":2560,\"height\":1707,\"caption\":\"Linka na v\u00fdrobu bateriov\u00fdch celk\u016f pro vozy PHEV.\"},{\"@type\":\"BreadcrumbList\",\"@id\":\"https:\/\/autosap.cz\/en\/aktualita\/vyvoj-vyroby-automobilu-v-cesku-v-prvnim-ctvrtleti-vnasi-mirny-optimismus\/#breadcrumb\",\"itemListElement\":[{\"@type\":\"ListItem\",\"position\":1,\"name\":\"\",\"item\":\"https:\/\/autosap.cz\/en\/\"},{\"@type\":\"ListItem\",\"position\":2,\"name\":\"News\",\"item\":\"https:\/\/autosap.cz\/en\/aktualita\/\"},{\"@type\":\"ListItem\",\"position\":3,\"name\":\"V\u00fdvoj v\u00fdroby automobil\u016f v&nbsp;\u010cesku v&nbsp;prvn\u00edm \u010dtvrtlet\u00ed vn\u00e1\u0161\u00ed m\u00edrn\u00fd optimismus\"}]},{\"@type\":\"WebSite\",\"@id\":\"https:\/\/autosap.cz\/en\/#website\",\"url\":\"https:\/\/autosap.cz\/en\/\",\"name\":\"SAP \u2013 Sdru\u017een\u00ed automobilov\u00e9ho pr\u016fmyslu\",\"description\":\"Sdru\u017een\u00ed automobilov\u00e9ho pr\u016fmyslu\",\"potentialAction\":[{\"@type\":\"SearchAction\",\"target\":{\"@type\":\"EntryPoint\",\"urlTemplate\":\"https:\/\/autosap.cz\/en\/?s={search_term_string}\"},\"query-input\":{\"@type\":\"PropertyValueSpecification\",\"valueRequired\":true,\"valueName\":\"search_term_string\"}}],\"inLanguage\":\"en-US\"}]}<\/script>\n<!-- \/ Yoast SEO plugin. -->","yoast_head_json":{"title":"V\u00fdvoj v\u00fdroby automobil\u016f v \u010cesku v prvn\u00edm \u010dtvrtlet\u00ed vn\u00e1\u0161\u00ed m\u00edrn\u00fd optimismus - SAP \u2013 Sdru\u017een\u00ed automobilov\u00e9ho pr\u016fmyslu","robots":{"index":"index","follow":"follow","max-snippet":"max-snippet:-1","max-image-preview":"max-image-preview:large","max-video-preview":"max-video-preview:-1"},"canonical":"https:\/\/autosap.cz\/en\/aktualita\/vyvoj-vyroby-automobilu-v-cesku-v-prvnim-ctvrtleti-vnasi-mirny-optimismus\/","og_locale":"en_US","og_type":"article","og_title":"V\u00fdvoj v\u00fdroby automobil\u016f v \u010cesku v prvn\u00edm \u010dtvrtlet\u00ed vn\u00e1\u0161\u00ed m\u00edrn\u00fd optimismus - SAP \u2013 Sdru\u017een\u00ed automobilov\u00e9ho pr\u016fmyslu","og_description":"P\u0159i hodnocen\u00ed roku 2021 je pot\u0159eba zohlednit, \u017ee ve druh\u00e9 polovin\u011b b\u0159ezna 2020 se uzav\u0159el prakticky cel\u00fd evropsk\u00fd automobilov\u00fd pr\u016fmysl. V\u00a0\u010cesk\u00e9 republice se nejprve 18.&nbsp;b\u0159ezna 2020 zastavila v\u00fdroba ve \u0160KODA AUTO a&nbsp;TPCA, no\u0161ovick\u00fd Hyundai je n\u00e1sledoval o&nbsp;p\u011bt dn\u00ed pozd\u011bji. Jak upozor\u0148uje Zden\u011bk Petzl, v\u00fdkonn\u00fd \u0159editel Sdru\u017een\u00ed automobilov\u00e9ho pr\u016fmyslu, realisti\u010dt\u011bj\u0161\u00ed pohled na v\u00fdvoj leto\u0161n\u00ed v\u00fdroby proto... Read more","og_url":"https:\/\/autosap.cz\/en\/aktualita\/vyvoj-vyroby-automobilu-v-cesku-v-prvnim-ctvrtleti-vnasi-mirny-optimismus\/","og_site_name":"SAP \u2013 Sdru\u017een\u00ed automobilov\u00e9ho pr\u016fmyslu","og_image":[{"url":"https:\/\/autosap.cz\/wp-content\/uploads\/2021\/04\/vyroba-1-3-2021-700x364.jpg","type":"","width":"","height":""}],"twitter_card":"summary_large_image","twitter_misc":{"Est. reading time":"5 minutes"},"schema":{"@context":"https:\/\/schema.org","@graph":[{"@type":"WebPage","@id":"https:\/\/autosap.cz\/en\/aktualita\/vyvoj-vyroby-automobilu-v-cesku-v-prvnim-ctvrtleti-vnasi-mirny-optimismus\/","url":"https:\/\/autosap.cz\/en\/aktualita\/vyvoj-vyroby-automobilu-v-cesku-v-prvnim-ctvrtleti-vnasi-mirny-optimismus\/","name":"V\u00fdvoj v\u00fdroby automobil\u016f v \u010cesku v prvn\u00edm \u010dtvrtlet\u00ed vn\u00e1\u0161\u00ed m\u00edrn\u00fd optimismus - SAP \u2013 Sdru\u017een\u00ed automobilov\u00e9ho pr\u016fmyslu","isPartOf":{"@id":"https:\/\/autosap.cz\/en\/#website"},"primaryImageOfPage":{"@id":"https:\/\/autosap.cz\/en\/aktualita\/vyvoj-vyroby-automobilu-v-cesku-v-prvnim-ctvrtleti-vnasi-mirny-optimismus\/#primaryimage"},"image":{"@id":"https:\/\/autosap.cz\/en\/aktualita\/vyvoj-vyroby-automobilu-v-cesku-v-prvnim-ctvrtleti-vnasi-mirny-optimismus\/#primaryimage"},"thumbnailUrl":"https:\/\/autosap.cz\/wp-content\/uploads\/2021\/04\/190906-skoda-auto-phev-battery-production-01a-scaled.jpg","datePublished":"2021-04-19T09:00:57+00:00","breadcrumb":{"@id":"https:\/\/autosap.cz\/en\/aktualita\/vyvoj-vyroby-automobilu-v-cesku-v-prvnim-ctvrtleti-vnasi-mirny-optimismus\/#breadcrumb"},"inLanguage":"en-US","potentialAction":[{"@type":"ReadAction","target":["https:\/\/autosap.cz\/en\/aktualita\/vyvoj-vyroby-automobilu-v-cesku-v-prvnim-ctvrtleti-vnasi-mirny-optimismus\/"]}]},{"@type":"ImageObject","inLanguage":"en-US","@id":"https:\/\/autosap.cz\/en\/aktualita\/vyvoj-vyroby-automobilu-v-cesku-v-prvnim-ctvrtleti-vnasi-mirny-optimismus\/#primaryimage","url":"https:\/\/autosap.cz\/wp-content\/uploads\/2021\/04\/190906-skoda-auto-phev-battery-production-01a-scaled.jpg","contentUrl":"https:\/\/autosap.cz\/wp-content\/uploads\/2021\/04\/190906-skoda-auto-phev-battery-production-01a-scaled.jpg","width":2560,"height":1707,"caption":"Linka na v\u00fdrobu bateriov\u00fdch celk\u016f pro vozy PHEV."},{"@type":"BreadcrumbList","@id":"https:\/\/autosap.cz\/en\/aktualita\/vyvoj-vyroby-automobilu-v-cesku-v-prvnim-ctvrtleti-vnasi-mirny-optimismus\/#breadcrumb","itemListElement":[{"@type":"ListItem","position":1,"name":"","item":"https:\/\/autosap.cz\/en\/"},{"@type":"ListItem","position":2,"name":"News","item":"https:\/\/autosap.cz\/en\/aktualita\/"},{"@type":"ListItem","position":3,"name":"V\u00fdvoj v\u00fdroby automobil\u016f v&nbsp;\u010cesku v&nbsp;prvn\u00edm \u010dtvrtlet\u00ed vn\u00e1\u0161\u00ed m\u00edrn\u00fd optimismus"}]},{"@type":"WebSite","@id":"https:\/\/autosap.cz\/en\/#website","url":"https:\/\/autosap.cz\/en\/","name":"SAP \u2013 Sdru\u017een\u00ed automobilov\u00e9ho pr\u016fmyslu","description":"Sdru\u017een\u00ed automobilov\u00e9ho pr\u016fmyslu","potentialAction":[{"@type":"SearchAction","target":{"@type":"EntryPoint","urlTemplate":"https:\/\/autosap.cz\/en\/?s={search_term_string}"},"query-input":{"@type":"PropertyValueSpecification","valueRequired":true,"valueName":"search_term_string"}}],"inLanguage":"en-US"}]}},"_links":{"self":[{"href":"https:\/\/autosap.cz\/en\/wp-json\/wp\/v2\/aktualita\/11642"}],"collection":[{"href":"https:\/\/autosap.cz\/en\/wp-json\/wp\/v2\/aktualita"}],"about":[{"href":"https:\/\/autosap.cz\/en\/wp-json\/wp\/v2\/types\/aktualita"}],"wp:featuredmedia":[{"embeddable":true,"href":"https:\/\/autosap.cz\/en\/wp-json\/wp\/v2\/media\/9397"}],"wp:attachment":[{"href":"https:\/\/autosap.cz\/en\/wp-json\/wp\/v2\/media?parent=11642"}],"wp:term":[{"taxonomy":"category","embeddable":true,"href":"https:\/\/autosap.cz\/en\/wp-json\/wp\/v2\/categories?post=11642"}],"curies":[{"name":"wp","href":"https:\/\/api.w.org\/{rel}","templated":true}]}}