{"id":11644,"date":"2021-03-18T09:00:46","date_gmt":"2021-03-18T08:00:46","guid":{"rendered":"https:\/\/autosap.cz\/aktualita\/autoprumyslu-se-navzdory-omezenim-dari-udrzet-vyrobu\/"},"modified":"2021-03-18T09:00:46","modified_gmt":"2021-03-18T08:00:46","slug":"autoprumyslu-se-navzdory-omezenim-dari-udrzet-vyrobu","status":"publish","type":"aktualita","link":"https:\/\/autosap.cz\/en\/aktualita\/autoprumyslu-se-navzdory-omezenim-dari-udrzet-vyrobu\/","title":{"rendered":"Autopr\u016fmyslu se navzdory omezen\u00edm da\u0159\u00ed udr\u017eet v\u00fdrobu"},"content":{"rendered":"<p>\u201e<em>Nov\u00e9 registrace v&nbsp;Evropsk\u00e9 unii poklesly v&nbsp;prvn\u00edch dvou m\u011bs\u00edc\u00edch roku zhruba o&nbsp;p\u011btinu. Z&nbsp;tohoto pohledu je propad dom\u00e1c\u00ed v\u00fdroby vozidel o&nbsp;necel\u00fdch 14&nbsp;% dobrou zpr\u00e1vou, situace v\u0161ak nad\u00e1le z\u016fst\u00e1v\u00e1 slo\u017eit\u00e1. V\u00fdrobci jsou nuceni p\u0159eskupovat v\u00fdrobu kv\u016fli v\u00fdpadk\u016fm dod\u00e1vek \u010dip\u016f a&nbsp;dal\u0161\u00edch d\u00edl\u016f, krom\u011b nedostatku vstup\u016f doch\u00e1z\u00ed tak\u00e9 k&nbsp;dramatick\u00e9mu n\u00e1r\u016fstu cen \u0159ady materi\u00e1l\u016f, d\u00e1le ke komplikac\u00edm p\u0159i doprav\u011b zbo\u017e\u00ed v&nbsp;d\u016fsledku zm\u011bn na hranic\u00edch a&nbsp;v&nbsp;neposledn\u00ed \u0159ad\u011b i&nbsp;situace na trhu pr\u00e1ce je kv\u016fli v\u00fdpadk\u016fm zam\u011bstnanc\u016f velmi napjat\u00e1,\u201c\u00a0 <\/em>komentuje dosavadn\u00ed v\u00fdvoj <strong>Zden\u011bk Petzl<\/strong>, v\u00fdkonn\u00fd \u0159editel Sdru\u017een\u00ed automobilov\u00e9ho pr\u016fmyslu.<\/p>\n<p><em>\u201eJe proto obdivuhodn\u00e9, \u017ee se firm\u00e1m \u010desk\u00e9ho automobilov\u00e9ho pr\u016fmyslu, p\u0159es ve\u0161ker\u00e9 komplikace, se kter\u00fdmi se mus\u00ed v&nbsp;sou\u010dasnosti pot\u00fdkat, da\u0159\u00ed dr\u017eet stabilitu produkce. Sou\u010dasn\u011b se potvrzuje, \u017ee navzdory dal\u0161\u00ed vln\u011b pandemie jsou firmy autopr\u016fmyslu bezpe\u010dn\u00fdm m\u00edstem pro pr\u00e1ci. Apelujeme proto na vl\u00e1du, a\u0165 firmy na t\u00e9to cest\u011b podpo\u0159\u00ed,\u201c <\/em>dod\u00e1v\u00e1 Petzl.<\/p>\n<h6>Osobn\u00ed automobily<\/h6>\n<p>V lednu a&nbsp;\u00fanoru tohoto roku bylo vyrobeno celkov\u011b 206&nbsp;695 automobil\u016f, tedy o&nbsp;32&nbsp;510 m\u00e9n\u011b ne\u017e ve stejn\u00e9m obdob\u00ed minul\u00e9ho roku (-13,6&nbsp;%). V&nbsp;\u00fanoru automobilky vyrobily 102&nbsp;119 automobil\u016f, to je meziro\u010dn\u011b o\u00a018\u00a0611 m\u00e9n\u011b (- 15,4&nbsp;%). Ve srovn\u00e1n\u00ed s&nbsp;p\u0159edchoz\u00edm m\u011bs\u00edcem sice produkce poklesla o&nbsp;2&nbsp;457 kus\u016f, \u00fanor v\u0161ak byl o&nbsp;jeden pracovn\u00ed den krat\u0161\u00ed.<\/p>\n<p><img loading=\"lazy\" decoding=\"async\" width=\"700\" height=\"350\" class=\"alignnone size-large wp-image-9324\" src=\"https:\/\/autosap.cz\/wp-content\/uploads\/2021\/03\/graf-1-2-2021-700x350.png\" alt=\"\" srcset=\"https:\/\/autosap.cz\/wp-content\/uploads\/2021\/03\/graf-1-2-2021-700x350.png 700w, https:\/\/autosap.cz\/wp-content\/uploads\/2021\/03\/graf-1-2-2021-250x125.png 250w, https:\/\/autosap.cz\/wp-content\/uploads\/2021\/03\/graf-1-2-2021-768x384.png 768w, https:\/\/autosap.cz\/wp-content\/uploads\/2021\/03\/graf-1-2-2021-1536x767.png 1536w, https:\/\/autosap.cz\/wp-content\/uploads\/2021\/03\/graf-1-2-2021-2048x1023.png 2048w, https:\/\/autosap.cz\/wp-content\/uploads\/2021\/03\/graf-1-2-2021-1900x949.png 1900w, https:\/\/autosap.cz\/wp-content\/uploads\/2021\/03\/graf-1-2-2021-120x60.png 120w\" sizes=\"(max-width: 700px) 100vw, 700px\" \/><\/p>\n<p>&nbsp;<\/p>\n<p>Pozitivn\u00ed v\u00fdsledek v\u00fdroby zaznamenal no\u0161ovick\u00fd Hyundai. V&nbsp;prvn\u00edch dvou m\u011bs\u00edc\u00edch roku vyrobil 37&nbsp;200 vozidel (- 0,8&nbsp;%), v&nbsp;\u00fanoru v\u00fdroba dokonce v\u00fdrazn\u011b vzrostla na 18&nbsp;750 vozidel (+ 14,3&nbsp;%). V&nbsp;lednu a&nbsp;v&nbsp;\u00fanoru \u0160KODA AUTO ve sv\u00fdch tuzemsk\u00fdch z\u00e1vodech vyrobila 140&nbsp;459 automobil\u016f (- 12,9&nbsp;%), v\u00a0z\u00e1vod\u011b Toyota Motor Manufacturing Czech (TMMCZ) bylo vyrobeno 29&nbsp;036 automobil\u016f (- 28,3&nbsp;%).<\/p>\n<p>Z celkov\u00e9ho po\u010dtu vyroben\u00fdch osobn\u00edch vozidel bylo celkem 9&nbsp;496 ks elektrick\u00fdch; to odpov\u00edd\u00e1 pod\u00edlu na celkov\u00e9 produkci ve v\u00fd\u0161i 4,6 %, tedy o&nbsp;1,3&nbsp;% v\u00edce ne\u017e v\u00a0p\u0159edchoz\u00edm m\u011bs\u00edci. V\u011bt\u0161\u00ed po\u010det zauj\u00edmaj\u00ed modely s\u00a0plug-in hybridn\u00edm \u00fastroj\u00edm (6&nbsp;815 ks), bateriov\u00fdch elektromobil\u016f (BEV) bylo vyrobeno celkov\u011b 2&nbsp;681 ks.\u00a0 Tomuto segmentu v\u00e9vod\u00ed Hyundai, kter\u00fd jich vyrobil 2&nbsp;512 ks, p\u0159ed \u0160KODA AUTO (169 ks). Ta je tak\u00e9 zat\u00edm jedin\u00fdm tuzemsk\u00fdm v\u00fdrobcem hybridn\u00edch vozidel s\u00a0extern\u00edm nab\u00edjen\u00edm (PHEV).<\/p>\n<h6>Autobusy<\/h6>\n<p>Celkov\u011b do\u0161lo v&nbsp;segmentu produkce autobus\u016f k&nbsp;poklesu o&nbsp;14,3 %, vyrobeno bylo 698 autobus\u016f. Po\u00a0lednov\u00e9m p\u011btinov\u00e9m poklesu tak do\u0161lo k&nbsp;m\u00edrn\u00e9mu zrychlen\u00ed produkce. Vysokom\u00fdtsk\u00e9 IVECO vyrobilo 627\u00a0autobus\u016f (-16,7&nbsp;%), SOR Libchavy zaznamenal meziro\u010dn\u00ed r\u016fst o&nbsp;15,5 %, kdy\u017e vyrobil 67 autobus\u016f, z&nbsp;nich\u017e 10\u00a0autobus\u016f bylo elektrick\u00fdch. Dal\u0161\u00ed z&nbsp;v\u00fdrobc\u016f, rodinn\u00e1 firma KHMC Opava, vyrobil 4 autobusy, tj. o&nbsp;jeden v\u00edce ne\u017e vloni.<\/p>\n<h6>Motocykly<\/h6>\n<p>V nov\u00e9m roce se nad\u00e1le da\u0159\u00ed v\u00fdrob\u011b motocykl\u016f zna\u010dky JAWA. V&nbsp;lednu a&nbsp;v&nbsp;\u00fanoru vyrobila 167 stroj\u016f, co\u017e po\u00a0lo\u0148sk\u00e9m \u00fatlumu znamenalo n\u00e1r\u016fst o&nbsp;122 ks (+ 271,1&nbsp;%).<\/p>\n<p>Kompletn\u00ed statistiky najdete <a href=\"https:\/\/autosap.cz\/zakladni-prehledy-automotive\/vyroba-a-odbyt-vozidel\/\" target=\"_blank\" rel=\"noopener\">zde &gt;&gt;&gt;<\/a><\/p>\n<hr \/>\n<p><em>* Celkov\u00e9 statistiky v\u00fdroby a&nbsp;odbytu v\u010detn\u011b n\u00e1kladn\u00edch vozidel, p\u0159\u00edv\u011bs\u016f a&nbsp;n\u00e1v\u011bs\u016f budou publikov\u00e1ny kvart\u00e1ln\u011b.<\/em><\/p>\n","protected":false},"featured_media":4858,"parent":0,"template":"","categories":[232],"acf":[],"yoast_head":"<!-- This site is optimized with the Yoast SEO plugin v24.5 - https:\/\/yoast.com\/wordpress\/plugins\/seo\/ -->\n<title>Autopr\u016fmyslu se navzdory omezen\u00edm da\u0159\u00ed udr\u017eet v\u00fdrobu - SAP \u2013 Sdru\u017een\u00ed automobilov\u00e9ho pr\u016fmyslu<\/title>\n<meta name=\"robots\" content=\"index, follow, max-snippet:-1, max-image-preview:large, max-video-preview:-1\" \/>\n<link rel=\"canonical\" href=\"https:\/\/autosap.cz\/en\/aktualita\/autoprumyslu-se-navzdory-omezenim-dari-udrzet-vyrobu\/\" \/>\n<meta property=\"og:locale\" content=\"en_US\" \/>\n<meta property=\"og:type\" content=\"article\" \/>\n<meta property=\"og:title\" content=\"Autopr\u016fmyslu se navzdory omezen\u00edm da\u0159\u00ed udr\u017eet v\u00fdrobu - SAP \u2013 Sdru\u017een\u00ed automobilov\u00e9ho pr\u016fmyslu\" \/>\n<meta property=\"og:description\" content=\"\u201eNov\u00e9 registrace v&nbsp;Evropsk\u00e9 unii poklesly v&nbsp;prvn\u00edch dvou m\u011bs\u00edc\u00edch roku zhruba o&nbsp;p\u011btinu. Z&nbsp;tohoto pohledu je propad dom\u00e1c\u00ed v\u00fdroby vozidel o&nbsp;necel\u00fdch 14&nbsp;% dobrou zpr\u00e1vou, situace v\u0161ak nad\u00e1le z\u016fst\u00e1v\u00e1 slo\u017eit\u00e1. V\u00fdrobci jsou nuceni p\u0159eskupovat v\u00fdrobu kv\u016fli v\u00fdpadk\u016fm dod\u00e1vek \u010dip\u016f a&nbsp;dal\u0161\u00edch d\u00edl\u016f, krom\u011b nedostatku vstup\u016f doch\u00e1z\u00ed tak\u00e9 k&nbsp;dramatick\u00e9mu n\u00e1r\u016fstu cen \u0159ady materi\u00e1l\u016f, d\u00e1le ke komplikac\u00edm p\u0159i doprav\u011b zbo\u017e\u00ed v&nbsp;d\u016fsledku... Read more\" \/>\n<meta property=\"og:url\" content=\"https:\/\/autosap.cz\/en\/aktualita\/autoprumyslu-se-navzdory-omezenim-dari-udrzet-vyrobu\/\" \/>\n<meta property=\"og:site_name\" content=\"SAP \u2013 Sdru\u017een\u00ed automobilov\u00e9ho pr\u016fmyslu\" \/>\n<meta property=\"og:image\" content=\"https:\/\/autosap.cz\/wp-content\/uploads\/2021\/03\/graf-1-2-2021-700x350.png\" \/>\n<meta name=\"twitter:card\" content=\"summary_large_image\" \/>\n<meta name=\"twitter:label1\" content=\"Est. reading time\" \/>\n\t<meta name=\"twitter:data1\" content=\"3 minutes\" \/>\n<script type=\"application\/ld+json\" class=\"yoast-schema-graph\">{\"@context\":\"https:\/\/schema.org\",\"@graph\":[{\"@type\":\"WebPage\",\"@id\":\"https:\/\/autosap.cz\/en\/aktualita\/autoprumyslu-se-navzdory-omezenim-dari-udrzet-vyrobu\/\",\"url\":\"https:\/\/autosap.cz\/en\/aktualita\/autoprumyslu-se-navzdory-omezenim-dari-udrzet-vyrobu\/\",\"name\":\"Autopr\u016fmyslu se navzdory omezen\u00edm da\u0159\u00ed udr\u017eet v\u00fdrobu - SAP \u2013 Sdru\u017een\u00ed automobilov\u00e9ho pr\u016fmyslu\",\"isPartOf\":{\"@id\":\"https:\/\/autosap.cz\/en\/#website\"},\"primaryImageOfPage\":{\"@id\":\"https:\/\/autosap.cz\/en\/aktualita\/autoprumyslu-se-navzdory-omezenim-dari-udrzet-vyrobu\/#primaryimage\"},\"image\":{\"@id\":\"https:\/\/autosap.cz\/en\/aktualita\/autoprumyslu-se-navzdory-omezenim-dari-udrzet-vyrobu\/#primaryimage\"},\"thumbnailUrl\":\"https:\/\/autosap.cz\/wp-content\/uploads\/2019\/07\/db2015fa00003_large.jpg\",\"datePublished\":\"2021-03-18T08:00:46+00:00\",\"breadcrumb\":{\"@id\":\"https:\/\/autosap.cz\/en\/aktualita\/autoprumyslu-se-navzdory-omezenim-dari-udrzet-vyrobu\/#breadcrumb\"},\"inLanguage\":\"en-US\",\"potentialAction\":[{\"@type\":\"ReadAction\",\"target\":[\"https:\/\/autosap.cz\/en\/aktualita\/autoprumyslu-se-navzdory-omezenim-dari-udrzet-vyrobu\/\"]}]},{\"@type\":\"ImageObject\",\"inLanguage\":\"en-US\",\"@id\":\"https:\/\/autosap.cz\/en\/aktualita\/autoprumyslu-se-navzdory-omezenim-dari-udrzet-vyrobu\/#primaryimage\",\"url\":\"https:\/\/autosap.cz\/wp-content\/uploads\/2019\/07\/db2015fa00003_large.jpg\",\"contentUrl\":\"https:\/\/autosap.cz\/wp-content\/uploads\/2019\/07\/db2015fa00003_large.jpg\",\"width\":4069,\"height\":2923,\"caption\":\"Passat Variant production, Body shop\"},{\"@type\":\"BreadcrumbList\",\"@id\":\"https:\/\/autosap.cz\/en\/aktualita\/autoprumyslu-se-navzdory-omezenim-dari-udrzet-vyrobu\/#breadcrumb\",\"itemListElement\":[{\"@type\":\"ListItem\",\"position\":1,\"name\":\"\",\"item\":\"https:\/\/autosap.cz\/en\/\"},{\"@type\":\"ListItem\",\"position\":2,\"name\":\"News\",\"item\":\"https:\/\/autosap.cz\/en\/aktualita\/\"},{\"@type\":\"ListItem\",\"position\":3,\"name\":\"Autopr\u016fmyslu se navzdory omezen\u00edm da\u0159\u00ed udr\u017eet v\u00fdrobu\"}]},{\"@type\":\"WebSite\",\"@id\":\"https:\/\/autosap.cz\/en\/#website\",\"url\":\"https:\/\/autosap.cz\/en\/\",\"name\":\"SAP \u2013 Sdru\u017een\u00ed automobilov\u00e9ho pr\u016fmyslu\",\"description\":\"Sdru\u017een\u00ed automobilov\u00e9ho pr\u016fmyslu\",\"potentialAction\":[{\"@type\":\"SearchAction\",\"target\":{\"@type\":\"EntryPoint\",\"urlTemplate\":\"https:\/\/autosap.cz\/en\/?s={search_term_string}\"},\"query-input\":{\"@type\":\"PropertyValueSpecification\",\"valueRequired\":true,\"valueName\":\"search_term_string\"}}],\"inLanguage\":\"en-US\"}]}<\/script>\n<!-- \/ Yoast SEO plugin. -->","yoast_head_json":{"title":"Autopr\u016fmyslu se navzdory omezen\u00edm da\u0159\u00ed udr\u017eet v\u00fdrobu - SAP \u2013 Sdru\u017een\u00ed automobilov\u00e9ho pr\u016fmyslu","robots":{"index":"index","follow":"follow","max-snippet":"max-snippet:-1","max-image-preview":"max-image-preview:large","max-video-preview":"max-video-preview:-1"},"canonical":"https:\/\/autosap.cz\/en\/aktualita\/autoprumyslu-se-navzdory-omezenim-dari-udrzet-vyrobu\/","og_locale":"en_US","og_type":"article","og_title":"Autopr\u016fmyslu se navzdory omezen\u00edm da\u0159\u00ed udr\u017eet v\u00fdrobu - SAP \u2013 Sdru\u017een\u00ed automobilov\u00e9ho pr\u016fmyslu","og_description":"\u201eNov\u00e9 registrace v&nbsp;Evropsk\u00e9 unii poklesly v&nbsp;prvn\u00edch dvou m\u011bs\u00edc\u00edch roku zhruba o&nbsp;p\u011btinu. Z&nbsp;tohoto pohledu je propad dom\u00e1c\u00ed v\u00fdroby vozidel o&nbsp;necel\u00fdch 14&nbsp;% dobrou zpr\u00e1vou, situace v\u0161ak nad\u00e1le z\u016fst\u00e1v\u00e1 slo\u017eit\u00e1. V\u00fdrobci jsou nuceni p\u0159eskupovat v\u00fdrobu kv\u016fli v\u00fdpadk\u016fm dod\u00e1vek \u010dip\u016f a&nbsp;dal\u0161\u00edch d\u00edl\u016f, krom\u011b nedostatku vstup\u016f doch\u00e1z\u00ed tak\u00e9 k&nbsp;dramatick\u00e9mu n\u00e1r\u016fstu cen \u0159ady materi\u00e1l\u016f, d\u00e1le ke komplikac\u00edm p\u0159i doprav\u011b zbo\u017e\u00ed v&nbsp;d\u016fsledku... Read more","og_url":"https:\/\/autosap.cz\/en\/aktualita\/autoprumyslu-se-navzdory-omezenim-dari-udrzet-vyrobu\/","og_site_name":"SAP \u2013 Sdru\u017een\u00ed automobilov\u00e9ho pr\u016fmyslu","og_image":[{"url":"https:\/\/autosap.cz\/wp-content\/uploads\/2021\/03\/graf-1-2-2021-700x350.png","type":"","width":"","height":""}],"twitter_card":"summary_large_image","twitter_misc":{"Est. reading time":"3 minutes"},"schema":{"@context":"https:\/\/schema.org","@graph":[{"@type":"WebPage","@id":"https:\/\/autosap.cz\/en\/aktualita\/autoprumyslu-se-navzdory-omezenim-dari-udrzet-vyrobu\/","url":"https:\/\/autosap.cz\/en\/aktualita\/autoprumyslu-se-navzdory-omezenim-dari-udrzet-vyrobu\/","name":"Autopr\u016fmyslu se navzdory omezen\u00edm da\u0159\u00ed udr\u017eet v\u00fdrobu - SAP \u2013 Sdru\u017een\u00ed automobilov\u00e9ho pr\u016fmyslu","isPartOf":{"@id":"https:\/\/autosap.cz\/en\/#website"},"primaryImageOfPage":{"@id":"https:\/\/autosap.cz\/en\/aktualita\/autoprumyslu-se-navzdory-omezenim-dari-udrzet-vyrobu\/#primaryimage"},"image":{"@id":"https:\/\/autosap.cz\/en\/aktualita\/autoprumyslu-se-navzdory-omezenim-dari-udrzet-vyrobu\/#primaryimage"},"thumbnailUrl":"https:\/\/autosap.cz\/wp-content\/uploads\/2019\/07\/db2015fa00003_large.jpg","datePublished":"2021-03-18T08:00:46+00:00","breadcrumb":{"@id":"https:\/\/autosap.cz\/en\/aktualita\/autoprumyslu-se-navzdory-omezenim-dari-udrzet-vyrobu\/#breadcrumb"},"inLanguage":"en-US","potentialAction":[{"@type":"ReadAction","target":["https:\/\/autosap.cz\/en\/aktualita\/autoprumyslu-se-navzdory-omezenim-dari-udrzet-vyrobu\/"]}]},{"@type":"ImageObject","inLanguage":"en-US","@id":"https:\/\/autosap.cz\/en\/aktualita\/autoprumyslu-se-navzdory-omezenim-dari-udrzet-vyrobu\/#primaryimage","url":"https:\/\/autosap.cz\/wp-content\/uploads\/2019\/07\/db2015fa00003_large.jpg","contentUrl":"https:\/\/autosap.cz\/wp-content\/uploads\/2019\/07\/db2015fa00003_large.jpg","width":4069,"height":2923,"caption":"Passat Variant production, Body shop"},{"@type":"BreadcrumbList","@id":"https:\/\/autosap.cz\/en\/aktualita\/autoprumyslu-se-navzdory-omezenim-dari-udrzet-vyrobu\/#breadcrumb","itemListElement":[{"@type":"ListItem","position":1,"name":"","item":"https:\/\/autosap.cz\/en\/"},{"@type":"ListItem","position":2,"name":"News","item":"https:\/\/autosap.cz\/en\/aktualita\/"},{"@type":"ListItem","position":3,"name":"Autopr\u016fmyslu se navzdory omezen\u00edm da\u0159\u00ed udr\u017eet v\u00fdrobu"}]},{"@type":"WebSite","@id":"https:\/\/autosap.cz\/en\/#website","url":"https:\/\/autosap.cz\/en\/","name":"SAP \u2013 Sdru\u017een\u00ed automobilov\u00e9ho pr\u016fmyslu","description":"Sdru\u017een\u00ed automobilov\u00e9ho pr\u016fmyslu","potentialAction":[{"@type":"SearchAction","target":{"@type":"EntryPoint","urlTemplate":"https:\/\/autosap.cz\/en\/?s={search_term_string}"},"query-input":{"@type":"PropertyValueSpecification","valueRequired":true,"valueName":"search_term_string"}}],"inLanguage":"en-US"}]}},"_links":{"self":[{"href":"https:\/\/autosap.cz\/en\/wp-json\/wp\/v2\/aktualita\/11644"}],"collection":[{"href":"https:\/\/autosap.cz\/en\/wp-json\/wp\/v2\/aktualita"}],"about":[{"href":"https:\/\/autosap.cz\/en\/wp-json\/wp\/v2\/types\/aktualita"}],"wp:featuredmedia":[{"embeddable":true,"href":"https:\/\/autosap.cz\/en\/wp-json\/wp\/v2\/media\/4858"}],"wp:attachment":[{"href":"https:\/\/autosap.cz\/en\/wp-json\/wp\/v2\/media?parent=11644"}],"wp:term":[{"taxonomy":"category","embeddable":true,"href":"https:\/\/autosap.cz\/en\/wp-json\/wp\/v2\/categories?post=11644"}],"curies":[{"name":"wp","href":"https:\/\/api.w.org\/{rel}","templated":true}]}}