{"id":11666,"date":"2020-07-20T10:00:00","date_gmt":"2020-07-20T08:00:00","guid":{"rendered":"https:\/\/autosap.cz\/aktualita\/cerven-prinesl-mirne-oziveni-vyroby-vozidel-v-cr\/"},"modified":"2020-07-20T10:00:00","modified_gmt":"2020-07-20T08:00:00","slug":"cerven-prinesl-mirne-oziveni-vyroby-vozidel-v-cr","status":"publish","type":"aktualita","link":"https:\/\/autosap.cz\/en\/aktualita\/cerven-prinesl-mirne-oziveni-vyroby-vozidel-v-cr\/","title":{"rendered":"\u010cerven p\u0159inesl m\u00edrn\u00e9 o\u017eiven\u00ed v\u00fdroby vozidel v&nbsp;\u010cR"},"content":{"rendered":"\r\n<p><em>Celkov\u00e1 \u010d\u00edsla v\u00fdroby v\u00a0\u010cesk\u00e9 republice kop\u00edruj\u00ed v\u00fdvoj v\u00a0segmentu osobn\u00edch automobil\u016f, kter\u00fd se i&nbsp;p\u0159es postupn\u00fd restart trh\u016f rozj\u00ed\u017ed\u00ed jen pozvolna. Pokles produkce odpov\u00edd\u00e1 v\u00fdvoji popt\u00e1vky po nov\u00fdch vozidlech v\u00a0Evropsk\u00e9 unii. Ta v\u00a0\u010dervnu zaznamenala meziro\u010dn\u00ed pokles o&nbsp;22,3 %, zaregistrov\u00e1no bylo o&nbsp;\u010dtvrt milionu osobn\u00edch voz\u016f m\u00e9n\u011b ne\u017e ve stejn\u00e9m obdob\u00ed lo\u0148sk\u00e9ho roku. I&nbsp;kdy\u017e jde ve srovn\u00e1n\u00ed s\u00a0p\u0159edchoz\u00edmi m\u011bs\u00edci o&nbsp;zpomalen\u00ed poklesu, tak t\u00e9m\u011b\u0159 \u010dtvrtinov\u00fd meziro\u010dn\u00ed propad popt\u00e1vky znamen\u00e1 st\u00e1le obrovskou ztr\u00e1tu pro cel\u00fd v\u00fdrobn\u00ed \u0159et\u011bzec,\u201c <\/em>komentuje dosavadn\u00ed v\u00fdvoj <strong>Bohdan Wojnar, prezident Sdru\u017een\u00ed automobilov\u00e9ho pr\u016fmyslu<\/strong>.<\/p>\r\n\r\n\r\n\r\n<p>\u201e<em>V t\u011bchto t\u00fddnech se rozhoduje o&nbsp;dal\u0161\u00edm v\u00fdvoji. Cel\u00e1 \u0159ada pr\u016fmyslov\u00fdch obor\u016f je nav\u00e1z\u00e1na na automobilov\u00fd pr\u016fmysl. Proto je nezbytn\u00e9, aby st\u00e1t toto odv\u011btv\u00ed, kter\u00e9 je pil\u00ed\u0159em tuzemsk\u00e9 ekonomiky, podpo\u0159il a\u00a0investoval i&nbsp;do sv\u00e9 budouc\u00ed prosperity. A\u0165 ji\u017e ve form\u011b p\u0159\u00edm\u00e9 podpory zam\u011bstnanosti prost\u0159ednictv\u00edm prodlou\u017een\u00ed programu Antivirus, \u010di pomoc\u00ed opat\u0159en\u00ed na podporu investic jako je nap\u0159\u00edklad Ministerstvem pr\u016fmyslu a&nbsp;obchodu navrhovan\u00e9 v\u00fdrazn\u00e9 zrychlen\u00ed odpis\u016f,\u201c <\/em>dod\u00e1v\u00e1 Bohdan Wojnar.<\/p>\r\n\r\n\r\n\r\n<h6 class=\"wp-block-heading\">Osobn\u00ed automobily<\/h6>\r\n\r\n\r\n\r\n<p>V\u00a0prvn\u00ed polovin\u011b roku bylo v\u00a0\u010cR vyrobeno celkem 503\u00a0615 osobn\u00edch automobil\u016f, to je o&nbsp;32,6&nbsp;% m\u00e9n\u011b ne\u017e ve stejn\u00e9m obdob\u00ed roku 2019.&nbsp;\u0160KODA AUTO vyrobila 337\u00a0580 (- 28,2&nbsp;%). K\u00a0postupn\u00e9mu sni\u017eov\u00e1n\u00ed poklesu v\u00fdroby zp\u016fsoben\u00e9ho pandemi\u00ed koronaviru p\u0159isp\u011bl v\u00a0porovn\u00e1n\u00ed s\u00a0p\u0159edchoz\u00edmi m\u011bs\u00edci postupn\u00fd n\u00e1r\u016fst jej\u00ed produkce v\u00a0\u010dervnu, kdy automobilka vyrobila 73\u00a0991 vozidel.<br \/>No\u0161ovick\u00fd Huyndai vyrobil v\u00a0prvn\u00edm pololet\u00ed celkem 96\u00a0390 automobil\u016f (- 39,9&nbsp;%), automobilka TPCA vyrobila celkov\u011b 69\u00a0645 mal\u00fdch automobil\u016f, tedy o&nbsp;40,3&nbsp;% m\u00e9n\u011b ne\u017e v\u00a0prvn\u00edm pololet\u00ed lo\u0148sk\u00e9ho roku.<\/p>\r\n\r\n\r\n\r\n<figure class=\"wp-block-image size-large\"><img loading=\"lazy\" decoding=\"async\" width=\"700\" height=\"356\" class=\"wp-image-7300\" src=\"https:\/\/autosap.cz\/wp-content\/uploads\/2020\/07\/vyroba_1-6_2020-700x356.png\" alt=\"\" srcset=\"https:\/\/autosap.cz\/wp-content\/uploads\/2020\/07\/vyroba_1-6_2020-700x356.png 700w, https:\/\/autosap.cz\/wp-content\/uploads\/2020\/07\/vyroba_1-6_2020-250x127.png 250w, https:\/\/autosap.cz\/wp-content\/uploads\/2020\/07\/vyroba_1-6_2020-768x391.png 768w, https:\/\/autosap.cz\/wp-content\/uploads\/2020\/07\/vyroba_1-6_2020-120x61.png 120w, https:\/\/autosap.cz\/wp-content\/uploads\/2020\/07\/vyroba_1-6_2020.png 1003w\" sizes=\"(max-width: 700px) 100vw, 700px\" \/><\/figure>\r\n\r\n\r\n\r\n<h6 class=\"wp-block-heading\">Autobusy a&nbsp;n\u00e1kladn\u00ed vozidla<\/h6>\r\n\r\n\r\n\r\n<p>I kdy\u017e celkov\u011b v\u00fdroba autobus\u016f v\u00a0prvn\u00edm pololet\u00ed poklesla o&nbsp;11,9&nbsp;% na 2\u00a0231 ks, po obnoven\u00ed v\u00fdroby se naplno projevila specifick\u00e1 zak\u00e1zkov\u00e1 v\u00fdroba v\u00a0tomto segmentu. Vysokom\u00fdtsk\u00e9 Iveco vyrobilo v\u00a0\u010dervnu o&nbsp;37 autobus\u016f v\u00edce ne\u017e v\u00a0\u010dervnu 2019 (+ 8,7&nbsp;%). Za 1. &#8211; 6.&nbsp;m\u011bs\u00edc 2020 bylo v\u00a0Iveco vyrobeno 1\u00a0999 ks autobus\u016f. SOR Libchavy pak nav\u00fd\u0161il v\u00a0\u010dervnu v\u00fdrobu o&nbsp;73,3&nbsp;% na 52 ks a&nbsp;za cel\u00e9 prvn\u00ed pololet\u00ed firma vyrobila 223 ks autobus\u016f. Spole\u010dn\u011b s\u00a0firmou KH Motor Centrum Opava, kter\u00e1 od za\u010d\u00e1tku roku vyrobila 9 autobus\u016f, tak v\u00fdrobci v&nbsp;\u010dervnu realizovali produkci 516 autobus\u016f (+ 12,7&nbsp;%).<\/p>\r\n\r\n\r\n\r\n<p>Nad\u00e1le se da\u0159\u00ed kop\u0159ivnick\u00e9 Tatra Trucks, kter\u00e1 ani v\u00a0dob\u011b koronavirov\u00e9 krize v\u00fdrobu nep\u0159eru\u0161ila. Tatra v&nbsp;prvn\u00edm pololet\u00ed vyrobila celkem 628 n\u00e1kladn\u00edch vozidel, tedy o&nbsp;143 v\u00edce ne\u017e v\u00a0prvn\u00edm pololet\u00ed lo\u0148sk\u00e9ho roku (tj. + 29,5&nbsp;%).<\/p>\r\n\r\n\r\n\r\n<h6 class=\"wp-block-heading\">Motocykly<\/h6>\r\n\r\n\r\n\r\n<p>Jedin\u00fd v\u00fdrobce motocykl\u016f, t\u00fdneck\u00e1 JAWA, vyrobil v\u00a0prvn\u00edm pololet\u00ed 249 kus\u016f motocykl\u016f. Ve srovn\u00e1n\u00ed s&nbsp;p\u0159edchoz\u00edm rokem tak zaznamenal pokles produkce o&nbsp;637 kus\u016f (- 71,9&nbsp;%).<\/p>\r\n\r\n\r\n\r\n<h6 class=\"wp-block-heading\">P\u0159\u00edv\u011bsy a&nbsp;n\u00e1v\u011bsy<\/h6>\r\n\r\n\r\n\r\n<p>Segment p\u0159\u00edpojn\u00fdch vozidel zat\u00edm pandemi\u00ed koronaviru p\u0159\u00edli\u0161 neutrp\u011bl. Celkov\u00e1 v\u00fdroba ve v\u0161ech kategori\u00edch v\u00a0prvn\u00edm pololet\u00ed m\u00edrn\u011b vzrostla o&nbsp;1,9&nbsp;% na celkov\u00fdch 15\u00a0454 p\u0159\u00edpojn\u00fdch vozidel. Za pozitivn\u00edm v\u00fdvojem stoj\u00ed p\u0159edev\u0161\u00edm n\u00e1r\u016fst produkce mal\u00fdch p\u0159\u00edv\u011bs\u016f vyr\u00e1b\u011bn\u00fdch firmou Agados na\u00a0celkov\u00fdch 14\u00a0363 vozidel (+ 2,5&nbsp;%). V\u00a0kategorii velk\u00fdch p\u0159\u00edpojn\u00fdch vozidel se da\u0159ilo v\u00fdrobci Schwarzm\u00fcller s\u00a0908 vyroben\u00fdmi kusy za leden a\u017e \u010derven (+ 0,5&nbsp;%). PANAV naopak v&nbsp;1.&nbsp;pololet\u00ed zaznamenal pokles, a&nbsp;to jak v\u00a0kategorii p\u0159\u00edv\u011bs\u016f (135 ks; &#8211; 19,2&nbsp;%), tak n\u00e1v\u011bs\u016f (48 ks; &#8211; 38,5&nbsp;%).<\/p>\r\n\r\n\r\n\r\n<p><em>Kompletn\u00ed statistiku v\u00fdroby a&nbsp;odbytu najdete na webu AutoSAP <\/em><a href=\"https:\/\/autosap.cz\/wp-content\/uploads\/2020\/07\/prehled-vyroby-1-6_2020-vs-1-6_2019.pdf\" target=\"_blank\" rel=\"noreferrer noopener\" aria-label=\"zde &gt;&gt;&gt;  (otev\u0159e se na nov\u00e9 z\u00e1lo\u017ece)\"><em>zde &gt;&gt;&gt;<\/em> <\/a><\/p>\r\n","protected":false},"featured_media":7304,"parent":0,"template":"","categories":[232],"acf":[],"yoast_head":"<!-- This site is optimized with the Yoast SEO plugin v24.5 - https:\/\/yoast.com\/wordpress\/plugins\/seo\/ -->\n<title>\u010cerven p\u0159inesl m\u00edrn\u00e9 o\u017eiven\u00ed v\u00fdroby vozidel v \u010cR - SAP \u2013 Sdru\u017een\u00ed automobilov\u00e9ho pr\u016fmyslu<\/title>\n<meta name=\"robots\" content=\"index, follow, max-snippet:-1, max-image-preview:large, max-video-preview:-1\" \/>\n<link rel=\"canonical\" href=\"https:\/\/autosap.cz\/en\/aktualita\/cerven-prinesl-mirne-oziveni-vyroby-vozidel-v-cr\/\" \/>\n<meta property=\"og:locale\" content=\"en_US\" \/>\n<meta property=\"og:type\" content=\"article\" \/>\n<meta property=\"og:title\" content=\"\u010cerven p\u0159inesl m\u00edrn\u00e9 o\u017eiven\u00ed v\u00fdroby vozidel v \u010cR - SAP \u2013 Sdru\u017een\u00ed automobilov\u00e9ho pr\u016fmyslu\" \/>\n<meta property=\"og:description\" content=\"Celkov\u00e1 \u010d\u00edsla v\u00fdroby v\u00a0\u010cesk\u00e9 republice kop\u00edruj\u00ed v\u00fdvoj v\u00a0segmentu osobn\u00edch automobil\u016f, kter\u00fd se i&nbsp;p\u0159es postupn\u00fd restart trh\u016f rozj\u00ed\u017ed\u00ed jen pozvolna. Pokles produkce odpov\u00edd\u00e1 v\u00fdvoji popt\u00e1vky po nov\u00fdch vozidlech v\u00a0Evropsk\u00e9 unii. Ta v\u00a0\u010dervnu zaznamenala meziro\u010dn\u00ed pokles o&nbsp;22,3 %, zaregistrov\u00e1no bylo o&nbsp;\u010dtvrt milionu osobn\u00edch voz\u016f m\u00e9n\u011b ne\u017e ve stejn\u00e9m obdob\u00ed lo\u0148sk\u00e9ho roku. I&nbsp;kdy\u017e jde ve srovn\u00e1n\u00ed s\u00a0p\u0159edchoz\u00edmi m\u011bs\u00edci... Read more\" \/>\n<meta property=\"og:url\" content=\"https:\/\/autosap.cz\/en\/aktualita\/cerven-prinesl-mirne-oziveni-vyroby-vozidel-v-cr\/\" \/>\n<meta property=\"og:site_name\" content=\"SAP \u2013 Sdru\u017een\u00ed automobilov\u00e9ho pr\u016fmyslu\" \/>\n<meta property=\"og:image\" content=\"https:\/\/autosap.cz\/wp-content\/uploads\/2020\/07\/vyroba_1-6_2020-700x356.png\" \/>\n<meta name=\"twitter:card\" content=\"summary_large_image\" \/>\n<meta name=\"twitter:label1\" content=\"Est. reading time\" \/>\n\t<meta name=\"twitter:data1\" content=\"3 minutes\" \/>\n<script type=\"application\/ld+json\" class=\"yoast-schema-graph\">{\"@context\":\"https:\/\/schema.org\",\"@graph\":[{\"@type\":\"WebPage\",\"@id\":\"https:\/\/autosap.cz\/en\/aktualita\/cerven-prinesl-mirne-oziveni-vyroby-vozidel-v-cr\/\",\"url\":\"https:\/\/autosap.cz\/en\/aktualita\/cerven-prinesl-mirne-oziveni-vyroby-vozidel-v-cr\/\",\"name\":\"\u010cerven p\u0159inesl m\u00edrn\u00e9 o\u017eiven\u00ed v\u00fdroby vozidel v \u010cR - SAP \u2013 Sdru\u017een\u00ed automobilov\u00e9ho pr\u016fmyslu\",\"isPartOf\":{\"@id\":\"https:\/\/autosap.cz\/en\/#website\"},\"primaryImageOfPage\":{\"@id\":\"https:\/\/autosap.cz\/en\/aktualita\/cerven-prinesl-mirne-oziveni-vyroby-vozidel-v-cr\/#primaryimage\"},\"image\":{\"@id\":\"https:\/\/autosap.cz\/en\/aktualita\/cerven-prinesl-mirne-oziveni-vyroby-vozidel-v-cr\/#primaryimage\"},\"thumbnailUrl\":\"https:\/\/autosap.cz\/wp-content\/uploads\/2020\/07\/db2015fa00023_large.jpg\",\"datePublished\":\"2020-07-20T08:00:00+00:00\",\"breadcrumb\":{\"@id\":\"https:\/\/autosap.cz\/en\/aktualita\/cerven-prinesl-mirne-oziveni-vyroby-vozidel-v-cr\/#breadcrumb\"},\"inLanguage\":\"en-US\",\"potentialAction\":[{\"@type\":\"ReadAction\",\"target\":[\"https:\/\/autosap.cz\/en\/aktualita\/cerven-prinesl-mirne-oziveni-vyroby-vozidel-v-cr\/\"]}]},{\"@type\":\"ImageObject\",\"inLanguage\":\"en-US\",\"@id\":\"https:\/\/autosap.cz\/en\/aktualita\/cerven-prinesl-mirne-oziveni-vyroby-vozidel-v-cr\/#primaryimage\",\"url\":\"https:\/\/autosap.cz\/wp-content\/uploads\/2020\/07\/db2015fa00023_large.jpg\",\"contentUrl\":\"https:\/\/autosap.cz\/wp-content\/uploads\/2020\/07\/db2015fa00023_large.jpg\",\"width\":2560,\"height\":1709,\"caption\":\"Volkswagen Touareg production, chassis assembly\"},{\"@type\":\"BreadcrumbList\",\"@id\":\"https:\/\/autosap.cz\/en\/aktualita\/cerven-prinesl-mirne-oziveni-vyroby-vozidel-v-cr\/#breadcrumb\",\"itemListElement\":[{\"@type\":\"ListItem\",\"position\":1,\"name\":\"\",\"item\":\"https:\/\/autosap.cz\/en\/\"},{\"@type\":\"ListItem\",\"position\":2,\"name\":\"News\",\"item\":\"https:\/\/autosap.cz\/en\/aktualita\/\"},{\"@type\":\"ListItem\",\"position\":3,\"name\":\"\u010cerven p\u0159inesl m\u00edrn\u00e9 o\u017eiven\u00ed v\u00fdroby vozidel v&nbsp;\u010cR\"}]},{\"@type\":\"WebSite\",\"@id\":\"https:\/\/autosap.cz\/en\/#website\",\"url\":\"https:\/\/autosap.cz\/en\/\",\"name\":\"SAP \u2013 Sdru\u017een\u00ed automobilov\u00e9ho pr\u016fmyslu\",\"description\":\"Sdru\u017een\u00ed automobilov\u00e9ho pr\u016fmyslu\",\"potentialAction\":[{\"@type\":\"SearchAction\",\"target\":{\"@type\":\"EntryPoint\",\"urlTemplate\":\"https:\/\/autosap.cz\/en\/?s={search_term_string}\"},\"query-input\":{\"@type\":\"PropertyValueSpecification\",\"valueRequired\":true,\"valueName\":\"search_term_string\"}}],\"inLanguage\":\"en-US\"}]}<\/script>\n<!-- \/ Yoast SEO plugin. -->","yoast_head_json":{"title":"\u010cerven p\u0159inesl m\u00edrn\u00e9 o\u017eiven\u00ed v\u00fdroby vozidel v \u010cR - SAP \u2013 Sdru\u017een\u00ed automobilov\u00e9ho pr\u016fmyslu","robots":{"index":"index","follow":"follow","max-snippet":"max-snippet:-1","max-image-preview":"max-image-preview:large","max-video-preview":"max-video-preview:-1"},"canonical":"https:\/\/autosap.cz\/en\/aktualita\/cerven-prinesl-mirne-oziveni-vyroby-vozidel-v-cr\/","og_locale":"en_US","og_type":"article","og_title":"\u010cerven p\u0159inesl m\u00edrn\u00e9 o\u017eiven\u00ed v\u00fdroby vozidel v \u010cR - SAP \u2013 Sdru\u017een\u00ed automobilov\u00e9ho pr\u016fmyslu","og_description":"Celkov\u00e1 \u010d\u00edsla v\u00fdroby v\u00a0\u010cesk\u00e9 republice kop\u00edruj\u00ed v\u00fdvoj v\u00a0segmentu osobn\u00edch automobil\u016f, kter\u00fd se i&nbsp;p\u0159es postupn\u00fd restart trh\u016f rozj\u00ed\u017ed\u00ed jen pozvolna. Pokles produkce odpov\u00edd\u00e1 v\u00fdvoji popt\u00e1vky po nov\u00fdch vozidlech v\u00a0Evropsk\u00e9 unii. Ta v\u00a0\u010dervnu zaznamenala meziro\u010dn\u00ed pokles o&nbsp;22,3 %, zaregistrov\u00e1no bylo o&nbsp;\u010dtvrt milionu osobn\u00edch voz\u016f m\u00e9n\u011b ne\u017e ve stejn\u00e9m obdob\u00ed lo\u0148sk\u00e9ho roku. I&nbsp;kdy\u017e jde ve srovn\u00e1n\u00ed s\u00a0p\u0159edchoz\u00edmi m\u011bs\u00edci... Read more","og_url":"https:\/\/autosap.cz\/en\/aktualita\/cerven-prinesl-mirne-oziveni-vyroby-vozidel-v-cr\/","og_site_name":"SAP \u2013 Sdru\u017een\u00ed automobilov\u00e9ho pr\u016fmyslu","og_image":[{"url":"https:\/\/autosap.cz\/wp-content\/uploads\/2020\/07\/vyroba_1-6_2020-700x356.png","type":"","width":"","height":""}],"twitter_card":"summary_large_image","twitter_misc":{"Est. reading time":"3 minutes"},"schema":{"@context":"https:\/\/schema.org","@graph":[{"@type":"WebPage","@id":"https:\/\/autosap.cz\/en\/aktualita\/cerven-prinesl-mirne-oziveni-vyroby-vozidel-v-cr\/","url":"https:\/\/autosap.cz\/en\/aktualita\/cerven-prinesl-mirne-oziveni-vyroby-vozidel-v-cr\/","name":"\u010cerven p\u0159inesl m\u00edrn\u00e9 o\u017eiven\u00ed v\u00fdroby vozidel v \u010cR - SAP \u2013 Sdru\u017een\u00ed automobilov\u00e9ho pr\u016fmyslu","isPartOf":{"@id":"https:\/\/autosap.cz\/en\/#website"},"primaryImageOfPage":{"@id":"https:\/\/autosap.cz\/en\/aktualita\/cerven-prinesl-mirne-oziveni-vyroby-vozidel-v-cr\/#primaryimage"},"image":{"@id":"https:\/\/autosap.cz\/en\/aktualita\/cerven-prinesl-mirne-oziveni-vyroby-vozidel-v-cr\/#primaryimage"},"thumbnailUrl":"https:\/\/autosap.cz\/wp-content\/uploads\/2020\/07\/db2015fa00023_large.jpg","datePublished":"2020-07-20T08:00:00+00:00","breadcrumb":{"@id":"https:\/\/autosap.cz\/en\/aktualita\/cerven-prinesl-mirne-oziveni-vyroby-vozidel-v-cr\/#breadcrumb"},"inLanguage":"en-US","potentialAction":[{"@type":"ReadAction","target":["https:\/\/autosap.cz\/en\/aktualita\/cerven-prinesl-mirne-oziveni-vyroby-vozidel-v-cr\/"]}]},{"@type":"ImageObject","inLanguage":"en-US","@id":"https:\/\/autosap.cz\/en\/aktualita\/cerven-prinesl-mirne-oziveni-vyroby-vozidel-v-cr\/#primaryimage","url":"https:\/\/autosap.cz\/wp-content\/uploads\/2020\/07\/db2015fa00023_large.jpg","contentUrl":"https:\/\/autosap.cz\/wp-content\/uploads\/2020\/07\/db2015fa00023_large.jpg","width":2560,"height":1709,"caption":"Volkswagen Touareg production, chassis assembly"},{"@type":"BreadcrumbList","@id":"https:\/\/autosap.cz\/en\/aktualita\/cerven-prinesl-mirne-oziveni-vyroby-vozidel-v-cr\/#breadcrumb","itemListElement":[{"@type":"ListItem","position":1,"name":"","item":"https:\/\/autosap.cz\/en\/"},{"@type":"ListItem","position":2,"name":"News","item":"https:\/\/autosap.cz\/en\/aktualita\/"},{"@type":"ListItem","position":3,"name":"\u010cerven p\u0159inesl m\u00edrn\u00e9 o\u017eiven\u00ed v\u00fdroby vozidel v&nbsp;\u010cR"}]},{"@type":"WebSite","@id":"https:\/\/autosap.cz\/en\/#website","url":"https:\/\/autosap.cz\/en\/","name":"SAP \u2013 Sdru\u017een\u00ed automobilov\u00e9ho pr\u016fmyslu","description":"Sdru\u017een\u00ed automobilov\u00e9ho pr\u016fmyslu","potentialAction":[{"@type":"SearchAction","target":{"@type":"EntryPoint","urlTemplate":"https:\/\/autosap.cz\/en\/?s={search_term_string}"},"query-input":{"@type":"PropertyValueSpecification","valueRequired":true,"valueName":"search_term_string"}}],"inLanguage":"en-US"}]}},"_links":{"self":[{"href":"https:\/\/autosap.cz\/en\/wp-json\/wp\/v2\/aktualita\/11666"}],"collection":[{"href":"https:\/\/autosap.cz\/en\/wp-json\/wp\/v2\/aktualita"}],"about":[{"href":"https:\/\/autosap.cz\/en\/wp-json\/wp\/v2\/types\/aktualita"}],"wp:featuredmedia":[{"embeddable":true,"href":"https:\/\/autosap.cz\/en\/wp-json\/wp\/v2\/media\/7304"}],"wp:attachment":[{"href":"https:\/\/autosap.cz\/en\/wp-json\/wp\/v2\/media?parent=11666"}],"wp:term":[{"taxonomy":"category","embeddable":true,"href":"https:\/\/autosap.cz\/en\/wp-json\/wp\/v2\/categories?post=11666"}],"curies":[{"name":"wp","href":"https:\/\/api.w.org\/{rel}","templated":true}]}}