{"id":16361,"date":"2025-03-03T19:00:04","date_gmt":"2025-03-03T18:00:04","guid":{"rendered":"https:\/\/autosap.cz\/aktualita\/druhe-kolo-strategickeho-dialogu-k-budoucnosti-evropskeho-automobiloveho-prumyslu\/"},"modified":"2026-02-05T11:24:30","modified_gmt":"2026-02-05T10:24:30","slug":"druhe-kolo-strategickeho-dialogu-k-budoucnosti-evropskeho-automobiloveho-prumyslu","status":"publish","type":"aktualita","link":"https:\/\/autosap.cz\/en\/aktualita\/druhe-kolo-strategickeho-dialogu-k-budoucnosti-evropskeho-automobiloveho-prumyslu\/","title":{"rendered":"Second round of the strategic dialogue on the future of the European automotive industry"},"content":{"rendered":"<p>&nbsp;<\/p>\n<hr \/>\n<p><em><img loading=\"lazy\" decoding=\"async\" class=\"alignleft wp-image-12626\" src=\"https:\/\/autosap.cz\/wp-content\/uploads\/2023\/02\/petzl-250x250.png\" alt=\"\" width=\"93\" height=\"93\" srcset=\"https:\/\/autosap.cz\/wp-content\/uploads\/2023\/02\/petzl-250x250.png 250w, https:\/\/autosap.cz\/wp-content\/uploads\/2023\/02\/petzl-150x150.png 150w, https:\/\/autosap.cz\/wp-content\/uploads\/2023\/02\/petzl-120x120.png 120w, https:\/\/autosap.cz\/wp-content\/uploads\/2023\/02\/petzl.png 330w\" sizes=\"(max-width: 93px) 100vw, 93px\" \/><\/em><\/p>\n<div>\n<p><em>&#8220;We welcome the open dialogue and the fact that the European Commission has understood the urgency of CO\u2082 regulation for 2025. The proposed solution of averaging the target period to three years is a&nbsp;step in the right direction, but a&nbsp;three-year period for meeting the targets is insufficient. From the beginning, we have been advocating for this horizon to be extended to five years, which would give the industry more certainty and stability,&#8221;<\/em> says <strong>Zden\u011bk Petzl, Executive Director of the Automotive Industry Association.<\/strong><\/p>\n<\/div>\n<hr \/>\n<p>&nbsp;<\/p>\n<p>A system of averaging CO\u2082 emissions over a&nbsp;longer timeframe was proposed by the Automotive Industry Association and Czech government officials, including Prime Minister Petr Fiala and Transport Minister Martin Kupka, as early as November\/December 2024. Our analysis and market forecasts show that three years is not enough, and that continuing to set CO2 targets in this way would lead to billions of euros in fines. That is why the Czech Republic has been advocating from the outset for an extension of this period to five years, which we have repeatedly emphasised on behalf of the Automotive Industry Association, including in the thematic group meeting with the European Commission&#8217;s&nbsp;Executive Vice-President for Prosperity and Industrial Strategy, St\u00e9phane S\u00e9journ\u00e9.<\/p>\n<p>We welcome the fact that, in addition to emissions, the strategic dialogue also focuses on other equally important areas &#8211; batteries, autonomous mobility and conditions for heavy transport and buses.<\/p>\n<p>&nbsp;<\/p>\n<hr \/>\n<p style=\"font-weight: 400;\"><img loading=\"lazy\" decoding=\"async\" class=\"wp-image-14502 alignright\" src=\"https:\/\/autosap.cz\/wp-content\/uploads\/2024\/04\/obrazek1.png\" alt=\"\" width=\"93\" height=\"93\" srcset=\"https:\/\/autosap.cz\/wp-content\/uploads\/2024\/04\/obrazek1.png 1278w, https:\/\/autosap.cz\/wp-content\/uploads\/2024\/04\/obrazek1-250x250.png 250w, https:\/\/autosap.cz\/wp-content\/uploads\/2024\/04\/obrazek1-700x700.png 700w, https:\/\/autosap.cz\/wp-content\/uploads\/2024\/04\/obrazek1-150x150.png 150w, https:\/\/autosap.cz\/wp-content\/uploads\/2024\/04\/obrazek1-768x768.png 768w, https:\/\/autosap.cz\/wp-content\/uploads\/2024\/04\/obrazek1-120x120.png 120w\" sizes=\"(max-width: 93px) 100vw, 93px\" \/><\/p>\n<div>\n<p class=\"p1\"><em>&#8220;Support for the European battery supply chain and autonomous mobility is a&nbsp;positive signal. It is also essential to ensure adequate conditions for heavy transport and buses. These sectors face specific challenges that have not yet found due recognition in EU legislative plans,&#8221;<\/em> adds <strong>Marco Boggian, Head of Regulatory Affairs at the Automotive Industry Association.<\/strong><\/p>\n<\/div>\n<hr \/>\n<p>&nbsp;<\/p>\n<p class=\"p1\">We also see significant progress in the other priority themes of the Strategic Dialogue, which can significantly help our industry in this challenging period. We will comment on these after the publication and thorough study of the official Automotive Action Plan, which we expect on 5 March. However, we firmly believe that it will reflect as many of our priorities as possible, which we have actively communicated to the European Commission.<\/p>\n<p>&nbsp;<\/p>\n<p><strong>AutoSAP&#8217;s&nbsp;key priorities for the future of the European automotive industry are therefore:<\/strong><\/p>\n<ul>\n<li><strong>Simplifying regulation and removing legislative barriers<\/strong> &#8211; A&nbsp;more flexible mechanism for meeting CO\u2082 targets, a&nbsp;technology neutral approach to achieving them and removing counterproductive penalties for non-compliance.<\/li>\n<li><strong>Investing in innovation and technological development<\/strong> &#8211; Supporting research and development in batteries, hydrogen, CO\u2082 neutral fuels and autonomous mobility.<\/li>\n<li><strong>Supporting European manufacturers and maintaining industrial production in Europe<\/strong> &#8211; Creating competitive industrial conditions and ensuring affordable energy for manufacturers to maintain key investments in the EU.<\/li>\n<li><strong>Availability of raw materials and securing strategic supply chains<\/strong> &#8211; A&nbsp;more effective strategy for access to raw materials essential for battery production and advanced technologies, strengthening trade agreements with strategic partners.<\/li>\n<\/ul>\n<p>&nbsp;<\/p>\n<p class=\"p1\">We appreciate the joint efforts of the European Commission and key players in the European policy arena to find pragmatic solutions for the automotive industry. We believe that the Automotive Action Plan will reflect our priorities and we look forward to working with the European institutions to implement it. We are ready to continue to actively contribute to the development of the sustainability and competitiveness of the automotive industry in Europe.<\/p>\n","protected":false},"featured_media":18805,"parent":0,"template":"","categories":[232],"acf":[],"yoast_head":"<!-- This site is optimized with the Yoast SEO plugin v24.5 - https:\/\/yoast.com\/wordpress\/plugins\/seo\/ -->\n<title>Second round of the strategic dialogue on the future of the European automotive industry - SAP \u2013 Sdru\u017een\u00ed automobilov\u00e9ho pr\u016fmyslu<\/title>\n<meta name=\"robots\" content=\"index, follow, max-snippet:-1, max-image-preview:large, max-video-preview:-1\" \/>\n<link rel=\"canonical\" href=\"https:\/\/autosap.cz\/en\/aktualita\/druhe-kolo-strategickeho-dialogu-k-budoucnosti-evropskeho-automobiloveho-prumyslu\/\" \/>\n<meta property=\"og:locale\" content=\"en_US\" \/>\n<meta property=\"og:type\" content=\"article\" \/>\n<meta property=\"og:title\" content=\"Second round of the strategic dialogue on the future of the European automotive industry - SAP \u2013 Sdru\u017een\u00ed automobilov\u00e9ho pr\u016fmyslu\" \/>\n<meta property=\"og:description\" content=\"&nbsp; &#8220;We welcome the open dialogue and the fact that the European Commission has understood the urgency of CO\u2082 regulation for 2025. The proposed solution of averaging the target period to three years is a&nbsp;step in the right direction, but a&nbsp;three-year period for meeting the targets is insufficient. From the beginning, we have been advocating... Read more\" \/>\n<meta property=\"og:url\" content=\"https:\/\/autosap.cz\/en\/aktualita\/druhe-kolo-strategickeho-dialogu-k-budoucnosti-evropskeho-automobiloveho-prumyslu\/\" \/>\n<meta property=\"og:site_name\" content=\"SAP \u2013 Sdru\u017een\u00ed automobilov\u00e9ho pr\u016fmyslu\" \/>\n<meta property=\"article:modified_time\" content=\"2026-02-05T10:24:30+00:00\" \/>\n<meta property=\"og:image\" content=\"https:\/\/autosap.cz\/wp-content\/uploads\/2025\/03\/4388f588-25a0-4808-8886-ce1147370f11-scaled.jpg\" \/>\n\t<meta property=\"og:image:width\" content=\"2560\" \/>\n\t<meta property=\"og:image:height\" content=\"1707\" \/>\n\t<meta property=\"og:image:type\" content=\"image\/jpeg\" \/>\n<meta name=\"twitter:card\" content=\"summary_large_image\" \/>\n<meta name=\"twitter:label1\" content=\"Est. reading time\" \/>\n\t<meta name=\"twitter:data1\" content=\"4 minutes\" \/>\n<script type=\"application\/ld+json\" class=\"yoast-schema-graph\">{\"@context\":\"https:\/\/schema.org\",\"@graph\":[{\"@type\":\"WebPage\",\"@id\":\"https:\/\/autosap.cz\/en\/aktualita\/druhe-kolo-strategickeho-dialogu-k-budoucnosti-evropskeho-automobiloveho-prumyslu\/\",\"url\":\"https:\/\/autosap.cz\/en\/aktualita\/druhe-kolo-strategickeho-dialogu-k-budoucnosti-evropskeho-automobiloveho-prumyslu\/\",\"name\":\"Second round of the strategic dialogue on the future of the European automotive industry - SAP \u2013 Sdru\u017een\u00ed automobilov\u00e9ho pr\u016fmyslu\",\"isPartOf\":{\"@id\":\"https:\/\/autosap.cz\/en\/#website\"},\"primaryImageOfPage\":{\"@id\":\"https:\/\/autosap.cz\/en\/aktualita\/druhe-kolo-strategickeho-dialogu-k-budoucnosti-evropskeho-automobiloveho-prumyslu\/#primaryimage\"},\"image\":{\"@id\":\"https:\/\/autosap.cz\/en\/aktualita\/druhe-kolo-strategickeho-dialogu-k-budoucnosti-evropskeho-automobiloveho-prumyslu\/#primaryimage\"},\"thumbnailUrl\":\"https:\/\/autosap.cz\/wp-content\/uploads\/2025\/03\/4388f588-25a0-4808-8886-ce1147370f11-scaled.jpg\",\"datePublished\":\"2025-03-03T18:00:04+00:00\",\"dateModified\":\"2026-02-05T10:24:30+00:00\",\"breadcrumb\":{\"@id\":\"https:\/\/autosap.cz\/en\/aktualita\/druhe-kolo-strategickeho-dialogu-k-budoucnosti-evropskeho-automobiloveho-prumyslu\/#breadcrumb\"},\"inLanguage\":\"en-US\",\"potentialAction\":[{\"@type\":\"ReadAction\",\"target\":[\"https:\/\/autosap.cz\/en\/aktualita\/druhe-kolo-strategickeho-dialogu-k-budoucnosti-evropskeho-automobiloveho-prumyslu\/\"]}]},{\"@type\":\"ImageObject\",\"inLanguage\":\"en-US\",\"@id\":\"https:\/\/autosap.cz\/en\/aktualita\/druhe-kolo-strategickeho-dialogu-k-budoucnosti-evropskeho-automobiloveho-prumyslu\/#primaryimage\",\"url\":\"https:\/\/autosap.cz\/wp-content\/uploads\/2025\/03\/4388f588-25a0-4808-8886-ce1147370f11-scaled.jpg\",\"contentUrl\":\"https:\/\/autosap.cz\/wp-content\/uploads\/2025\/03\/4388f588-25a0-4808-8886-ce1147370f11-scaled.jpg\",\"width\":2560,\"height\":1707,\"caption\":\"European Commission President Ursula von der Leyen. | Photo: European Commission\"},{\"@type\":\"BreadcrumbList\",\"@id\":\"https:\/\/autosap.cz\/en\/aktualita\/druhe-kolo-strategickeho-dialogu-k-budoucnosti-evropskeho-automobiloveho-prumyslu\/#breadcrumb\",\"itemListElement\":[{\"@type\":\"ListItem\",\"position\":1,\"name\":\"\",\"item\":\"https:\/\/autosap.cz\/en\/\"},{\"@type\":\"ListItem\",\"position\":2,\"name\":\"News\",\"item\":\"https:\/\/autosap.cz\/en\/aktualita\/\"},{\"@type\":\"ListItem\",\"position\":3,\"name\":\"Second round of the strategic dialogue on the future of the European automotive industry\"}]},{\"@type\":\"WebSite\",\"@id\":\"https:\/\/autosap.cz\/en\/#website\",\"url\":\"https:\/\/autosap.cz\/en\/\",\"name\":\"SAP \u2013 Sdru\u017een\u00ed automobilov\u00e9ho pr\u016fmyslu\",\"description\":\"Sdru\u017een\u00ed automobilov\u00e9ho pr\u016fmyslu\",\"potentialAction\":[{\"@type\":\"SearchAction\",\"target\":{\"@type\":\"EntryPoint\",\"urlTemplate\":\"https:\/\/autosap.cz\/en\/?s={search_term_string}\"},\"query-input\":{\"@type\":\"PropertyValueSpecification\",\"valueRequired\":true,\"valueName\":\"search_term_string\"}}],\"inLanguage\":\"en-US\"}]}<\/script>\n<!-- \/ Yoast SEO plugin. -->","yoast_head_json":{"title":"Second round of the strategic dialogue on the future of the European automotive industry - SAP \u2013 Sdru\u017een\u00ed automobilov\u00e9ho pr\u016fmyslu","robots":{"index":"index","follow":"follow","max-snippet":"max-snippet:-1","max-image-preview":"max-image-preview:large","max-video-preview":"max-video-preview:-1"},"canonical":"https:\/\/autosap.cz\/en\/aktualita\/druhe-kolo-strategickeho-dialogu-k-budoucnosti-evropskeho-automobiloveho-prumyslu\/","og_locale":"en_US","og_type":"article","og_title":"Second round of the strategic dialogue on the future of the European automotive industry - SAP \u2013 Sdru\u017een\u00ed automobilov\u00e9ho pr\u016fmyslu","og_description":"&nbsp; &#8220;We welcome the open dialogue and the fact that the European Commission has understood the urgency of CO\u2082 regulation for 2025. The proposed solution of averaging the target period to three years is a&nbsp;step in the right direction, but a&nbsp;three-year period for meeting the targets is insufficient. From the beginning, we have been advocating... Read more","og_url":"https:\/\/autosap.cz\/en\/aktualita\/druhe-kolo-strategickeho-dialogu-k-budoucnosti-evropskeho-automobiloveho-prumyslu\/","og_site_name":"SAP \u2013 Sdru\u017een\u00ed automobilov\u00e9ho pr\u016fmyslu","article_modified_time":"2026-02-05T10:24:30+00:00","og_image":[{"width":2560,"height":1707,"url":"https:\/\/autosap.cz\/wp-content\/uploads\/2025\/03\/4388f588-25a0-4808-8886-ce1147370f11-scaled.jpg","type":"image\/jpeg"}],"twitter_card":"summary_large_image","twitter_misc":{"Est. reading time":"4 minutes"},"schema":{"@context":"https:\/\/schema.org","@graph":[{"@type":"WebPage","@id":"https:\/\/autosap.cz\/en\/aktualita\/druhe-kolo-strategickeho-dialogu-k-budoucnosti-evropskeho-automobiloveho-prumyslu\/","url":"https:\/\/autosap.cz\/en\/aktualita\/druhe-kolo-strategickeho-dialogu-k-budoucnosti-evropskeho-automobiloveho-prumyslu\/","name":"Second round of the strategic dialogue on the future of the European automotive industry - SAP \u2013 Sdru\u017een\u00ed automobilov\u00e9ho pr\u016fmyslu","isPartOf":{"@id":"https:\/\/autosap.cz\/en\/#website"},"primaryImageOfPage":{"@id":"https:\/\/autosap.cz\/en\/aktualita\/druhe-kolo-strategickeho-dialogu-k-budoucnosti-evropskeho-automobiloveho-prumyslu\/#primaryimage"},"image":{"@id":"https:\/\/autosap.cz\/en\/aktualita\/druhe-kolo-strategickeho-dialogu-k-budoucnosti-evropskeho-automobiloveho-prumyslu\/#primaryimage"},"thumbnailUrl":"https:\/\/autosap.cz\/wp-content\/uploads\/2025\/03\/4388f588-25a0-4808-8886-ce1147370f11-scaled.jpg","datePublished":"2025-03-03T18:00:04+00:00","dateModified":"2026-02-05T10:24:30+00:00","breadcrumb":{"@id":"https:\/\/autosap.cz\/en\/aktualita\/druhe-kolo-strategickeho-dialogu-k-budoucnosti-evropskeho-automobiloveho-prumyslu\/#breadcrumb"},"inLanguage":"en-US","potentialAction":[{"@type":"ReadAction","target":["https:\/\/autosap.cz\/en\/aktualita\/druhe-kolo-strategickeho-dialogu-k-budoucnosti-evropskeho-automobiloveho-prumyslu\/"]}]},{"@type":"ImageObject","inLanguage":"en-US","@id":"https:\/\/autosap.cz\/en\/aktualita\/druhe-kolo-strategickeho-dialogu-k-budoucnosti-evropskeho-automobiloveho-prumyslu\/#primaryimage","url":"https:\/\/autosap.cz\/wp-content\/uploads\/2025\/03\/4388f588-25a0-4808-8886-ce1147370f11-scaled.jpg","contentUrl":"https:\/\/autosap.cz\/wp-content\/uploads\/2025\/03\/4388f588-25a0-4808-8886-ce1147370f11-scaled.jpg","width":2560,"height":1707,"caption":"European Commission President Ursula von der Leyen. | Photo: European Commission"},{"@type":"BreadcrumbList","@id":"https:\/\/autosap.cz\/en\/aktualita\/druhe-kolo-strategickeho-dialogu-k-budoucnosti-evropskeho-automobiloveho-prumyslu\/#breadcrumb","itemListElement":[{"@type":"ListItem","position":1,"name":"","item":"https:\/\/autosap.cz\/en\/"},{"@type":"ListItem","position":2,"name":"News","item":"https:\/\/autosap.cz\/en\/aktualita\/"},{"@type":"ListItem","position":3,"name":"Second round of the strategic dialogue on the future of the European automotive industry"}]},{"@type":"WebSite","@id":"https:\/\/autosap.cz\/en\/#website","url":"https:\/\/autosap.cz\/en\/","name":"SAP \u2013 Sdru\u017een\u00ed automobilov\u00e9ho pr\u016fmyslu","description":"Sdru\u017een\u00ed automobilov\u00e9ho pr\u016fmyslu","potentialAction":[{"@type":"SearchAction","target":{"@type":"EntryPoint","urlTemplate":"https:\/\/autosap.cz\/en\/?s={search_term_string}"},"query-input":{"@type":"PropertyValueSpecification","valueRequired":true,"valueName":"search_term_string"}}],"inLanguage":"en-US"}]}},"_links":{"self":[{"href":"https:\/\/autosap.cz\/en\/wp-json\/wp\/v2\/aktualita\/16361"}],"collection":[{"href":"https:\/\/autosap.cz\/en\/wp-json\/wp\/v2\/aktualita"}],"about":[{"href":"https:\/\/autosap.cz\/en\/wp-json\/wp\/v2\/types\/aktualita"}],"wp:featuredmedia":[{"embeddable":true,"href":"https:\/\/autosap.cz\/en\/wp-json\/wp\/v2\/media\/18805"}],"wp:attachment":[{"href":"https:\/\/autosap.cz\/en\/wp-json\/wp\/v2\/media?parent=16361"}],"wp:term":[{"taxonomy":"category","embeddable":true,"href":"https:\/\/autosap.cz\/en\/wp-json\/wp\/v2\/categories?post=16361"}],"curies":[{"name":"wp","href":"https:\/\/api.w.org\/{rel}","templated":true}]}}